{"id":4815,"date":"2025-03-21T08:59:18","date_gmt":"2025-03-21T07:59:18","guid":{"rendered":"https:\/\/preview.centre-assal.ch\/?page_id=4815"},"modified":"2025-10-05T00:51:35","modified_gmt":"2025-10-04T22:51:35","slug":"equipes","status":"publish","type":"page","link":"https:\/\/centre-assal.ch\/en\/equipes\/","title":{"rendered":"Equipes"},"content":{"rendered":"\t\t<div data-elementor-type=\"wp-page\" data-elementor-id=\"4815\" class=\"elementor elementor-4815\" data-elementor-post-type=\"page\">\n\t\t\t\t<div class=\"elementor-element elementor-element-4533a71 mar-1224 e-con-full e-flex e-con e-parent\" data-id=\"4533a71\" data-element_type=\"container\" data-e-type=\"container\">\n\t\t<div class=\"elementor-element elementor-element-7c0214e e-con-full mar-1224 e-flex e-con e-child\" data-id=\"7c0214e\" data-element_type=\"container\" data-e-type=\"container\" data-settings=\"{&quot;background_background&quot;:&quot;classic&quot;}\">\n\t\t\t\t<\/div>\n\t\t\t\t<\/div>\n\t\t<div class=\"elementor-element elementor-element-9b13012 e-con-full e-flex e-con e-parent\" data-id=\"9b13012\" data-element_type=\"container\" data-e-type=\"container\">\n\t\t<div class=\"elementor-element elementor-element-2efa71f e-con-full e-flex e-con e-child\" data-id=\"2efa71f\" data-element_type=\"container\" data-e-type=\"container\">\n\t\t<div class=\"elementor-element elementor-element-4d5157f e-con-full e-flex e-con e-child\" data-id=\"4d5157f\" data-element_type=\"container\" data-e-type=\"container\" data-settings=\"{&quot;background_background&quot;:&quot;classic&quot;}\">\n\t\t\t\t<div class=\"elementor-element elementor-element-2ec0829 elementor-widget elementor-widget-heading\" data-id=\"2ec0829\" data-element_type=\"widget\" data-e-type=\"widget\" data-widget_type=\"heading.default\">\n\t\t\t\t<div class=\"elementor-widget-container\">\n\t\t\t\t\t<h2 class=\"elementor-heading-title elementor-size-default\">L\u2019\u00e9quipe<\/h2>\t\t\t\t<\/div>\n\t\t\t\t<\/div>\n\t\t\t\t<\/div>\n\t\t\t\t<div class=\"elementor-element elementor-element-43d4764 elementor-icon-list--layout-inline elementor-align-start elementor-list-item-link-full_width elementor-widget elementor-widget-icon-list\" data-id=\"43d4764\" data-element_type=\"widget\" data-e-type=\"widget\" data-widget_type=\"icon-list.default\">\n\t\t\t\t<div class=\"elementor-widget-container\">\n\t\t\t\t\t\t\t<ul class=\"elementor-icon-list-items elementor-inline-items\">\n\t\t\t\t\t\t\t<li class=\"elementor-icon-list-item elementor-inline-item\">\n\t\t\t\t\t\t\t\t\t\t\t<a href=\"https:\/\/centre-assal.ch\/en\">\n\n\t\t\t\t\t\t\t\t\t\t\t<span class=\"elementor-icon-list-text\">Accueil<\/span>\n\t\t\t\t\t\t\t\t\t\t\t<\/a>\n\t\t\t\t\t\t\t\t\t<\/li>\n\t\t\t\t\t\t\t\t<li class=\"elementor-icon-list-item elementor-inline-item\">\n\t\t\t\t\t\t\t\t\t\t\t<a href=\"#\">\n\n\t\t\t\t\t\t\t\t\t\t\t\t<span class=\"elementor-icon-list-icon\">\n\t\t\t\t\t\t\t<svg aria-hidden=\"true\" class=\"e-font-icon-svg e-fas-angle-right\" viewBox=\"0 0 256 512\" xmlns=\"http:\/\/www.w3.org\/2000\/svg\"><path d=\"M224.3 273l-136 136c-9.4 9.4-24.6 9.4-33.9 0l-22.6-22.6c-9.4-9.4-9.4-24.6 0-33.9l96.4-96.4-96.4-96.4c-9.4-9.4-9.4-24.6 0-33.9L54.3 103c9.4-9.4 24.6-9.4 33.9 0l136 136c9.5 9.4 9.5 24.6.1 34z\"><\/path><\/svg>\t\t\t\t\t\t<\/span>\n\t\t\t\t\t\t\t\t\t\t<span class=\"elementor-icon-list-text\"><b>\u00c9quipe<\/b><\/span>\n\t\t\t\t\t\t\t\t\t\t\t<\/a>\n\t\t\t\t\t\t\t\t\t<\/li>\n\t\t\t\t\t\t<\/ul>\n\t\t\t\t\t\t<\/div>\n\t\t\t\t<\/div>\n\t\t\t\t<div class=\"elementor-element elementor-element-e983db0 elementor-absolute elementor-hidden-mobile elementor-hidden-tablet elementor-widget elementor-widget-image\" data-id=\"e983db0\" data-element_type=\"widget\" data-e-type=\"widget\" data-settings=\"{&quot;_position&quot;:&quot;absolute&quot;}\" data-widget_type=\"image.default\">\n\t\t\t\t<div class=\"elementor-widget-container\">\n\t\t\t\t\t\t\t\t\t\t\t\t\t\t\t<img fetchpriority=\"high\" decoding=\"async\" width=\"435\" height=\"460\" src=\"https:\/\/centre-assal.ch\/wp-content\/uploads\/2025\/03\/Vector-1.png\" class=\"attachment-large size-large wp-image-3166\" alt=\"\" srcset=\"https:\/\/centre-assal.ch\/wp-content\/uploads\/2025\/03\/Vector-1.png 435w, https:\/\/centre-assal.ch\/wp-content\/uploads\/2025\/03\/Vector-1-284x300.png 284w\" sizes=\"(max-width: 435px) 100vw, 435px\" \/>\t\t\t\t\t\t\t\t\t\t\t\t\t\t\t<\/div>\n\t\t\t\t<\/div>\n\t\t\t\t<\/div>\n\t\t<div class=\"elementor-element elementor-element-e1241e9 e-con-full e-flex e-con e-child\" data-id=\"e1241e9\" data-element_type=\"container\" data-e-type=\"container\" data-settings=\"{&quot;background_background&quot;:&quot;classic&quot;}\">\n\t\t\t\t<div class=\"elementor-element elementor-element-6506fda elementor-widget elementor-widget-text-editor\" data-id=\"6506fda\" data-element_type=\"widget\" data-e-type=\"widget\" data-widget_type=\"text-editor.default\">\n\t\t\t\t<div class=\"elementor-widget-container\">\n\t\t\t\t\t\t\t\t\t<p>Men\u00e9e par le PD Dr Mathieu Assal, le Dr Victor Dubois-Ferri\u00e8re et le Dr Lisca Drittenbass, l&rsquo;\u00e9quipe multidisciplinaire du Centre ASSAL est compos\u00e9e de m\u00e9decins, chirurgiens, chercheurs, podologues et infirmiers sp\u00e9cialis\u00e9s.<\/p>\t\t\t\t\t\t\t\t<\/div>\n\t\t\t\t<\/div>\n\t\t\t\t<div class=\"elementor-element elementor-element-11fadb7 elementor-widget elementor-widget-text-editor\" data-id=\"11fadb7\" data-element_type=\"widget\" data-e-type=\"widget\" data-widget_type=\"text-editor.default\">\n\t\t\t\t<div class=\"elementor-widget-container\">\n\t\t\t\t\t\t\t\t\t<p>Le Centre ASSAL r\u00e9unit en son sein toutes les comp\u00e9tences n\u00e9cessaires au traitement des diverses pathologies du pied, de la cheville et de la jambe. Une approche pluridisciplinaire unique qui vous garantit une prise en charge globale ax\u00e9e prioritairement sur l\u2019ensemble des solutions alternatives \u00e0 la chirurgie.<\/p>\t\t\t\t\t\t\t\t<\/div>\n\t\t\t\t<\/div>\n\t\t\t\t<\/div>\n\t\t\t\t<\/div>\n\t\t<div class=\"elementor-element elementor-element-81361d7 e-flex e-con-boxed e-con e-parent\" data-id=\"81361d7\" data-element_type=\"container\" data-e-type=\"container\" id=\"associes\">\n\t\t\t\t\t<div class=\"e-con-inner\">\n\t\t\t\t<div class=\"elementor-element elementor-element-0055011 elementor-widget elementor-widget-heading\" data-id=\"0055011\" data-element_type=\"widget\" data-e-type=\"widget\" data-widget_type=\"heading.default\">\n\t\t\t\t<div class=\"elementor-widget-container\">\n\t\t\t\t\t<h2 class=\"elementor-heading-title elementor-size-default\">Associ\u00e9s<\/h2>\t\t\t\t<\/div>\n\t\t\t\t<\/div>\n\t\t\t\t<div class=\"elementor-element elementor-element-e0e2dba elementor-widget-divider--view-line elementor-widget elementor-widget-divider\" data-id=\"e0e2dba\" data-element_type=\"widget\" data-e-type=\"widget\" data-widget_type=\"divider.default\">\n\t\t\t\t<div class=\"elementor-widget-container\">\n\t\t\t\t\t\t\t<div class=\"elementor-divider\">\n\t\t\t<span class=\"elementor-divider-separator\">\n\t\t\t\t\t\t<\/span>\n\t\t<\/div>\n\t\t\t\t\t\t<\/div>\n\t\t\t\t<\/div>\n\t\t\t\t\t<\/div>\n\t\t\t\t<\/div>\n\t\t<div class=\"elementor-element elementor-element-8fe2f0a e-flex e-con-boxed e-con e-parent\" data-id=\"8fe2f0a\" data-element_type=\"container\" data-e-type=\"container\">\n\t\t\t\t\t<div class=\"e-con-inner\">\n\t\t\t\t<div class=\"elementor-element elementor-element-5556bac elementor-grid-tablet-1 elementor-grid-3 elementor-grid-mobile-1 elementor-widget elementor-widget-loop-grid\" data-id=\"5556bac\" data-element_type=\"widget\" data-e-type=\"widget\" data-settings=\"{&quot;template_id&quot;:&quot;7083&quot;,&quot;row_gap&quot;:{&quot;unit&quot;:&quot;px&quot;,&quot;size&quot;:30,&quot;sizes&quot;:[]},&quot;row_gap_widescreen&quot;:{&quot;unit&quot;:&quot;px&quot;,&quot;size&quot;:30,&quot;sizes&quot;:[]},&quot;columns_tablet&quot;:1,&quot;_skin&quot;:&quot;post&quot;,&quot;columns&quot;:&quot;3&quot;,&quot;columns_mobile&quot;:&quot;1&quot;,&quot;edit_handle_selector&quot;:&quot;[data-elementor-type=\\&quot;loop-item\\&quot;]&quot;,&quot;row_gap_tablet&quot;:{&quot;unit&quot;:&quot;px&quot;,&quot;size&quot;:&quot;&quot;,&quot;sizes&quot;:[]},&quot;row_gap_mobile&quot;:{&quot;unit&quot;:&quot;px&quot;,&quot;size&quot;:&quot;&quot;,&quot;sizes&quot;:[]}}\" data-widget_type=\"loop-grid.post\">\n\t\t\t\t<div class=\"elementor-widget-container\">\n\t\t\t\t\t\t\t<div class=\"elementor-loop-container elementor-grid\" role=\"list\">\n\t\t<style id=\"loop-7083\">.elementor-7083 .elementor-element.elementor-element-9be2352{--display:flex;--flex-direction:column;--container-widget-width:100%;--container-widget-height:initial;--container-widget-flex-grow:0;--container-widget-align-self:initial;--flex-wrap-mobile:wrap;--justify-content:space-between;--padding-top:0px;--padding-bottom:0px;--padding-left:0px;--padding-right:0px;}.elementor-7083 .elementor-element.elementor-element-6aabb73{--display:flex;--padding-top:0px;--padding-bottom:0px;--padding-left:0px;--padding-right:0px;}.elementor-7083 .elementor-element.elementor-element-3fe4799{--display:flex;--gap:010px 010px;--row-gap:010px;--column-gap:010px;--padding-top:0px;--padding-bottom:0px;--padding-left:0px;--padding-right:0px;}.elementor-widget-heading .elementor-heading-title{font-family:var( --e-global-typography-primary-font-family ), Sans-serif;font-weight:var( --e-global-typography-primary-font-weight );color:var( --e-global-color-primary );}.elementor-7083 .elementor-element.elementor-element-74ef104 .elementor-heading-title{font-family:\"Source Sans Pro\", Sans-serif;font-weight:600;}.elementor-widget-text-editor{font-family:var( --e-global-typography-text-font-family ), Sans-serif;font-weight:var( --e-global-typography-text-font-weight );color:var( --e-global-color-text );}.elementor-widget-text-editor.elementor-drop-cap-view-stacked .elementor-drop-cap{background-color:var( --e-global-color-primary );}.elementor-widget-text-editor.elementor-drop-cap-view-framed .elementor-drop-cap, .elementor-widget-text-editor.elementor-drop-cap-view-default .elementor-drop-cap{color:var( --e-global-color-primary );border-color:var( --e-global-color-primary );}.elementor-7083 .elementor-element.elementor-element-07f9489{font-family:\"Source Sans Pro\", Sans-serif;font-size:16px;font-weight:600;text-transform:uppercase;line-height:1.2em;color:var( --e-global-color-bd870b3 );}.elementor-7083 .elementor-element.elementor-element-11d46cc{--display:flex;--padding-top:0px;--padding-bottom:0px;--padding-left:0px;--padding-right:0px;}.elementor-widget-image .widget-image-caption{color:var( --e-global-color-text );font-family:var( --e-global-typography-text-font-family ), Sans-serif;font-weight:var( --e-global-typography-text-font-weight );}.elementor-7083 .elementor-element.elementor-element-02b3811{text-align:start;}.elementor-7083 .elementor-element.elementor-element-02b3811 img{width:100%;}.elementor-7083 .elementor-element.elementor-element-0827f83{--display:flex;--padding-top:0px;--padding-bottom:0px;--padding-left:0px;--padding-right:0px;}.elementor-widget-theme-post-content{color:var( --e-global-color-text );font-family:var( --e-global-typography-text-font-family ), Sans-serif;font-weight:var( --e-global-typography-text-font-weight );}.elementor-7083 .elementor-element.elementor-element-0b5edd5{color:var( --e-global-color-bd870b3 );font-family:\"Source Sans Pro\", Sans-serif;font-weight:400;}.elementor-7083 .elementor-element.elementor-element-888c0c4{--display:flex;--padding-top:0px;--padding-bottom:0px;--padding-left:0px;--padding-right:0px;}.elementor-widget-button .elementor-button{font-family:var( --e-global-typography-accent-font-family ), Sans-serif;font-weight:var( --e-global-typography-accent-font-weight );background-color:var( --e-global-color-accent );}.elementor-7083 .elementor-element.elementor-element-6d9c8c8 .elementor-button-content-wrapper{flex-direction:row-reverse;}.elementor-7083 .elementor-element.elementor-element-6d9c8c8 .elementor-button .elementor-button-content-wrapper{gap:18px;}.elementor-7083 .elementor-element.elementor-element-6d9c8c8 .elementor-button{font-family:\"Source Sans Pro\", Sans-serif;font-weight:600;fill:var( --e-global-color-bb39324 );color:var( --e-global-color-bb39324 );background-color:var( --e-global-color-2755857 );border-style:solid;border-width:1px 1px 1px 1px;border-color:#FFFFFFB5;border-radius:200px 200px 200px 200px;padding:5px 5px 5px 20px;}@media(max-width:1024px){.elementor-7083 .elementor-element.elementor-element-6aabb73{--align-items:flex-start;--container-widget-width:calc( ( 1 - var( --container-widget-flex-grow ) ) * 100% );}.elementor-7083 .elementor-element.elementor-element-07f9489{font-size:14px;}.elementor-7083 .elementor-element.elementor-element-11d46cc{--align-items:flex-start;--container-widget-width:calc( ( 1 - var( --container-widget-flex-grow ) ) * 100% );}}@media(min-width:1920px){.elementor-7083 .elementor-element.elementor-element-9be2352{--padding-top:0px;--padding-bottom:0px;--padding-left:0px;--padding-right:0px;}.elementor-7083 .elementor-element.elementor-element-3fe4799{--gap:15px 15px;--row-gap:15px;--column-gap:15px;}.elementor-7083 .elementor-element.elementor-element-74ef104 .elementor-heading-title{font-size:40px;}.elementor-7083 .elementor-element.elementor-element-07f9489{font-size:20px;line-height:1.4em;}.elementor-7083 .elementor-element.elementor-element-0b5edd5{font-size:20px;line-height:1.5em;}.elementor-7083 .elementor-element.elementor-element-6d9c8c8 .elementor-button{font-size:20px;}}@media(max-width:767px){.elementor-7083 .elementor-element.elementor-element-9be2352{--padding-top:0px;--padding-bottom:0px;--padding-left:0px;--padding-right:0px;}.elementor-7083 .elementor-element.elementor-element-74ef104 .elementor-heading-title{font-size:16px;}.elementor-7083 .elementor-element.elementor-element-07f9489{font-size:14px;}.elementor-7083 .elementor-element.elementor-element-0b5edd5{font-size:14px;}.elementor-7083 .elementor-element.elementor-element-6d9c8c8 .elementor-button{font-size:14px;}}\/* Start custom CSS for container, class: .elementor-element-3fe4799 *\/.nom-equipe\n{\n    height:100px;\n}\n\n@media (min-width:1920px){\n    .nom-equipe\n{\n    height:140px;\n}\n}\n@media (max-width:767px){\n    .nom-equipe\n{\n    height:inherit;\n}\n}\/* End custom CSS *\/\n\/* Start custom CSS for container, class: .elementor-element-11d46cc *\/.elementor-7083 .elementor-element.elementor-element-11d46cc{\n    background-repeat: no-repeat!important;\n    background-size: cover!important;\n    background-position-x: center!important;\n}\n@media (max-width:1024px) and (min-width:767px){\n    .elementor-7083 .elementor-element.elementor-element-11d46cc{\n        background-position: center -200px!important;\n    }\n}\n@media (max-width:767px) and (min-width:600px){\n    .elementor-7083 .elementor-element.elementor-element-11d46cc{\n        background-position: center -150px!important;\n        min-height:420px;\n    }\n}\/* End custom CSS *\/\n\/* Start custom CSS for button, class: .elementor-element-6d9c8c8 *\/.btn-fleche .elementor-button-icon\n{\n    width: 45px;\n    height: 45px;\n    border-radius: 200px;\n    display: flex;\n    align-items: center;\n    justify-content: center\n    \n}\n.btn-fleche .elementor-button-icon svg\n{\n    width: 13px;\n}\n.elementor-button-content-wrapper\n{\n    align-items: center;\n}\n.btn-2 .elementor-button-icon\n{\n    background-color: white !important;\n}\n\n@media (max-width:767px){\n    .btn-fleche .elementor-button-icon\n{\n    width: 30px !important;\n    height: 30px !important;\n    border-radius: 200px;\n    \n}\n.btn-fleche .elementor-button-icon svg\n{\n    width: 11px;\n}\n}\/* End custom CSS *\/<\/style>\t\t<div data-elementor-type=\"loop-item\" data-elementor-id=\"7083\" class=\"elementor elementor-7083 e-loop-item e-loop-item-6822 post-6822 equipe type-equipe status-publish has-post-thumbnail hentry categorie_equipe-associes\" data-elementor-post-type=\"elementor_library\" data-custom-edit-handle=\"1\">\n\t\t\t<a class=\"elementor-element elementor-element-9be2352 e-con-full e-flex e-con e-child\" data-id=\"9be2352\" data-element_type=\"container\" data-e-type=\"container\" href=\"https:\/\/centre-assal.ch\/en\/equipe\/pd-dr-mathieu-assal\/\">\n\t\t<div class=\"elementor-element elementor-element-6aabb73 e-con-full e-flex e-con e-child\" data-id=\"6aabb73\" data-element_type=\"container\" data-e-type=\"container\">\n\t\t<div class=\"elementor-element elementor-element-3fe4799 e-con-full nom-equipe e-flex e-con e-child\" data-id=\"3fe4799\" data-element_type=\"container\" data-e-type=\"container\">\n\t\t\t\t<div class=\"elementor-element elementor-element-74ef104 elementor-widget elementor-widget-heading\" data-id=\"74ef104\" data-element_type=\"widget\" data-e-type=\"widget\" data-widget_type=\"heading.default\">\n\t\t\t\t<div class=\"elementor-widget-container\">\n\t\t\t\t\t<h4 class=\"elementor-heading-title elementor-size-default\">PD Dr Mathieu Assal<\/h4>\t\t\t\t<\/div>\n\t\t\t\t<\/div>\n\t\t\t\t<div class=\"elementor-element elementor-element-07f9489 elementor-widget elementor-widget-text-editor\" data-id=\"07f9489\" data-element_type=\"widget\" data-e-type=\"widget\" data-widget_type=\"text-editor.default\">\n\t\t\t\t<div class=\"elementor-widget-container\">\n\t\t\t\t\t\t\t\t\t<p class=\"team_titre_sous\">PRIVAT-DOCENT, UNIVERSIT\u00c9 DE G\u00c8NEVE<br \/>\nPAST PRESIDENT<br \/>\nSWISS FOOT AND ANKLE SOCIETY<\/p>\n\t\t\t\t\t\t\t\t<\/div>\n\t\t\t\t<\/div>\n\t\t\t\t<\/div>\n\t\t<div class=\"elementor-element elementor-element-11d46cc e-con-full e-flex e-con e-child\" data-id=\"11d46cc\" data-element_type=\"container\" data-e-type=\"container\">\n\t\t\t\t<div class=\"elementor-element elementor-element-02b3811 elementor-widget elementor-widget-image\" data-id=\"02b3811\" data-element_type=\"widget\" data-e-type=\"widget\" data-widget_type=\"image.default\">\n\t\t\t\t<div class=\"elementor-widget-container\">\n\t\t\t\t\t\t\t\t\t\t\t\t\t\t\t<img decoding=\"async\" width=\"487\" height=\"500\" src=\"https:\/\/centre-assal.ch\/wp-content\/uploads\/2025\/04\/3-team.png\" class=\"attachment-full size-full wp-image-16683\" alt=\"\" srcset=\"https:\/\/centre-assal.ch\/wp-content\/uploads\/2025\/04\/3-team.png 487w, https:\/\/centre-assal.ch\/wp-content\/uploads\/2025\/04\/3-team-292x300.png 292w, https:\/\/centre-assal.ch\/wp-content\/uploads\/2025\/04\/3-team-12x12.png 12w\" sizes=\"(max-width: 487px) 100vw, 487px\" \/>\t\t\t\t\t\t\t\t\t\t\t\t\t\t\t<\/div>\n\t\t\t\t<\/div>\n\t\t\t\t<\/div>\n\t\t<div class=\"elementor-element elementor-element-0827f83 e-con-full e-flex e-con e-child\" data-id=\"0827f83\" data-element_type=\"container\" data-e-type=\"container\">\n\t\t\t\t<div class=\"elementor-element elementor-element-0b5edd5 elementor-widget elementor-widget-theme-post-content\" data-id=\"0b5edd5\" data-element_type=\"widget\" data-e-type=\"widget\" data-widget_type=\"theme-post-content.default\">\n\t\t\t\t<div class=\"elementor-widget-container\">\n\t\t\t\t\t<p>Sp\u00e9cialiste en chirurgie du pied et de la cheville, chirurgien internationalement reconnu et traumatologue r\u00e9put\u00e9, le PD Dr Mathieu Assal a fond\u00e9 le Centre ASSAL de M\u00e9decine et de Chirurgie du Pied \u00e0 Gen\u00e8ve en 2012 o\u00f9 il traite, avec son \u00e9quipe de sp\u00e9cialistes, des pathologies traumatiques et non traumatiques des membres inf\u00e9rieurs du corps. Le PD Dr Assal est \u00e9galement r\u00e9put\u00e9 chercheur de renom dans de nombreux domaines cliniques et concepteur d\u2019innovations chirurgicales\u00a0utilis\u00e9es\u00a0aujourd\u2019hui dans le monde entier.<\/p>\n\t\t\t\t<\/div>\n\t\t\t\t<\/div>\n\t\t\t\t<\/div>\n\t\t\t\t<\/div>\n\t\t<div class=\"elementor-element elementor-element-888c0c4 e-con-full e-flex e-con e-child\" data-id=\"888c0c4\" data-element_type=\"container\" data-e-type=\"container\">\n\t\t\t\t<div class=\"elementor-element elementor-element-6d9c8c8 btn-fleche btn-2 elementor-widget elementor-widget-button\" data-id=\"6d9c8c8\" data-element_type=\"widget\" data-e-type=\"widget\" data-widget_type=\"button.default\">\n\t\t\t\t<div class=\"elementor-widget-container\">\n\t\t\t\t\t\t\t\t\t<div class=\"elementor-button-wrapper\">\n\t\t\t\t\t<a class=\"elementor-button elementor-button-link elementor-size-sm\" href=\"https:\/\/centre-assal.ch\/en\/equipe\/pd-dr-mathieu-assal\/\">\n\t\t\t\t\t\t<span class=\"elementor-button-content-wrapper\">\n\t\t\t\t\t\t<span class=\"elementor-button-icon\">\n\t\t\t\t<svg xmlns=\"http:\/\/www.w3.org\/2000\/svg\" width=\"16\" height=\"17\" viewBox=\"0 0 16 17\" fill=\"none\"><path d=\"M7 1.5L14 8.5M14 8.5H0M14 8.5L7 15.5\" stroke=\"#BD9B60\" stroke-width=\"2\"><\/path><\/svg>\t\t\t<\/span>\n\t\t\t\t\t\t\t\t\t<span class=\"elementor-button-text\">Lire<\/span>\n\t\t\t\t\t<\/span>\n\t\t\t\t\t<\/a>\n\t\t\t\t<\/div>\n\t\t\t\t\t\t\t\t<\/div>\n\t\t\t\t<\/div>\n\t\t\t\t<\/div>\n\t\t\t\t<\/a>\n\t\t\t\t<\/div>\n\t\t\t\t<div data-elementor-type=\"loop-item\" data-elementor-id=\"7083\" class=\"elementor elementor-7083 e-loop-item e-loop-item-7101 post-7101 equipe type-equipe status-publish has-post-thumbnail hentry categorie_equipe-associes\" data-elementor-post-type=\"elementor_library\" data-custom-edit-handle=\"1\">\n\t\t\t<a class=\"elementor-element elementor-element-9be2352 e-con-full e-flex e-con e-child\" data-id=\"9be2352\" data-element_type=\"container\" data-e-type=\"container\" href=\"https:\/\/centre-assal.ch\/en\/equipe\/dr-lisca-drittenbass-m-d\/\">\n\t\t<div class=\"elementor-element elementor-element-6aabb73 e-con-full e-flex e-con e-child\" data-id=\"6aabb73\" data-element_type=\"container\" data-e-type=\"container\">\n\t\t<div class=\"elementor-element elementor-element-3fe4799 e-con-full nom-equipe e-flex e-con e-child\" data-id=\"3fe4799\" data-element_type=\"container\" data-e-type=\"container\">\n\t\t\t\t<div class=\"elementor-element elementor-element-74ef104 elementor-widget elementor-widget-heading\" data-id=\"74ef104\" data-element_type=\"widget\" data-e-type=\"widget\" data-widget_type=\"heading.default\">\n\t\t\t\t<div class=\"elementor-widget-container\">\n\t\t\t\t\t<h4 class=\"elementor-heading-title elementor-size-default\">Dr Lisca Drittenbass, M.D.<\/h4>\t\t\t\t<\/div>\n\t\t\t\t<\/div>\n\t\t\t\t<div class=\"elementor-element elementor-element-07f9489 elementor-widget elementor-widget-text-editor\" data-id=\"07f9489\" data-element_type=\"widget\" data-e-type=\"widget\" data-widget_type=\"text-editor.default\">\n\t\t\t\t<div class=\"elementor-widget-container\">\n\t\t\t\t\t\t\t\t\t<p class=\"team_titre_sous\">PRESIDENT<br \/>\nSWISS FOOT AND ANKLE SOCIETY<br \/>\nEXECUTIVE MBA IN HEALTHCARE<\/p>\n\t\t\t\t\t\t\t\t<\/div>\n\t\t\t\t<\/div>\n\t\t\t\t<\/div>\n\t\t<div class=\"elementor-element elementor-element-11d46cc e-con-full e-flex e-con e-child\" data-id=\"11d46cc\" data-element_type=\"container\" data-e-type=\"container\">\n\t\t\t\t<div class=\"elementor-element elementor-element-02b3811 elementor-widget elementor-widget-image\" data-id=\"02b3811\" data-element_type=\"widget\" data-e-type=\"widget\" data-widget_type=\"image.default\">\n\t\t\t\t<div class=\"elementor-widget-container\">\n\t\t\t\t\t\t\t\t\t\t\t\t\t\t\t<img decoding=\"async\" width=\"487\" height=\"500\" src=\"https:\/\/centre-assal.ch\/wp-content\/uploads\/2025\/04\/Lisca-Drittenbass-NAK_2618.png\" class=\"attachment-full size-full wp-image-16682\" alt=\"\" srcset=\"https:\/\/centre-assal.ch\/wp-content\/uploads\/2025\/04\/Lisca-Drittenbass-NAK_2618.png 487w, https:\/\/centre-assal.ch\/wp-content\/uploads\/2025\/04\/Lisca-Drittenbass-NAK_2618-292x300.png 292w, https:\/\/centre-assal.ch\/wp-content\/uploads\/2025\/04\/Lisca-Drittenbass-NAK_2618-12x12.png 12w\" sizes=\"(max-width: 487px) 100vw, 487px\" \/>\t\t\t\t\t\t\t\t\t\t\t\t\t\t\t<\/div>\n\t\t\t\t<\/div>\n\t\t\t\t<\/div>\n\t\t<div class=\"elementor-element elementor-element-0827f83 e-con-full e-flex e-con e-child\" data-id=\"0827f83\" data-element_type=\"container\" data-e-type=\"container\">\n\t\t\t\t<div class=\"elementor-element elementor-element-0b5edd5 elementor-widget elementor-widget-theme-post-content\" data-id=\"0b5edd5\" data-element_type=\"widget\" data-e-type=\"widget\" data-widget_type=\"theme-post-content.default\">\n\t\t\t\t<div class=\"elementor-widget-container\">\n\t\t\t\t\t<p>Sp\u00e9cialiste en chirurgie du pied et de la cheville, la Dre Lisca Drittenbass a exerc\u00e9 en tant que Cheffe de clinique \u00e0 l\u2019H\u00f4pital cantonal de Lucerne \u00e0 Wolhusen entre 2010 et 2013 avant de s\u2019engager en tant que m\u00e9decin associ\u00e9 aupr\u00e8s du Centre ASSAL o\u00f9 elle exerce toujours aujourd\u2019hui. Dre Drittenbass est actuellement Pr\u00e9sidente et membre du comit\u00e9 de la SFAS (Swiss Foot and Ankle Society) et est titulaire d\u2019un EMBA sp\u00e9cialis\u00e9 dans le domaine du management de la sant\u00e9, d\u00e9livr\u00e9 par l\u2019Universit\u00e9 HEC Lausanne.<\/p>\n\t\t\t\t<\/div>\n\t\t\t\t<\/div>\n\t\t\t\t<\/div>\n\t\t\t\t<\/div>\n\t\t<div class=\"elementor-element elementor-element-888c0c4 e-con-full e-flex e-con e-child\" data-id=\"888c0c4\" data-element_type=\"container\" data-e-type=\"container\">\n\t\t\t\t<div class=\"elementor-element elementor-element-6d9c8c8 btn-fleche btn-2 elementor-widget elementor-widget-button\" data-id=\"6d9c8c8\" data-element_type=\"widget\" data-e-type=\"widget\" data-widget_type=\"button.default\">\n\t\t\t\t<div class=\"elementor-widget-container\">\n\t\t\t\t\t\t\t\t\t<div class=\"elementor-button-wrapper\">\n\t\t\t\t\t<a class=\"elementor-button elementor-button-link elementor-size-sm\" href=\"https:\/\/centre-assal.ch\/en\/equipe\/dr-lisca-drittenbass-m-d\/\">\n\t\t\t\t\t\t<span class=\"elementor-button-content-wrapper\">\n\t\t\t\t\t\t<span class=\"elementor-button-icon\">\n\t\t\t\t<svg xmlns=\"http:\/\/www.w3.org\/2000\/svg\" width=\"16\" height=\"17\" viewBox=\"0 0 16 17\" fill=\"none\"><path d=\"M7 1.5L14 8.5M14 8.5H0M14 8.5L7 15.5\" stroke=\"#BD9B60\" stroke-width=\"2\"><\/path><\/svg>\t\t\t<\/span>\n\t\t\t\t\t\t\t\t\t<span class=\"elementor-button-text\">Lire<\/span>\n\t\t\t\t\t<\/span>\n\t\t\t\t\t<\/a>\n\t\t\t\t<\/div>\n\t\t\t\t\t\t\t\t<\/div>\n\t\t\t\t<\/div>\n\t\t\t\t<\/div>\n\t\t\t\t<\/a>\n\t\t\t\t<\/div>\n\t\t\t\t<div data-elementor-type=\"loop-item\" data-elementor-id=\"7083\" class=\"elementor elementor-7083 e-loop-item e-loop-item-7065 post-7065 equipe type-equipe status-publish has-post-thumbnail hentry categorie_equipe-associes\" data-elementor-post-type=\"elementor_library\" data-custom-edit-handle=\"1\">\n\t\t\t<a class=\"elementor-element elementor-element-9be2352 e-con-full e-flex e-con e-child\" data-id=\"9be2352\" data-element_type=\"container\" data-e-type=\"container\" href=\"https:\/\/centre-assal.ch\/en\/equipe\/dr-victor-dubois-ferriere\/\">\n\t\t<div class=\"elementor-element elementor-element-6aabb73 e-con-full e-flex e-con e-child\" data-id=\"6aabb73\" data-element_type=\"container\" data-e-type=\"container\">\n\t\t<div class=\"elementor-element elementor-element-3fe4799 e-con-full nom-equipe e-flex e-con e-child\" data-id=\"3fe4799\" data-element_type=\"container\" data-e-type=\"container\">\n\t\t\t\t<div class=\"elementor-element elementor-element-74ef104 elementor-widget elementor-widget-heading\" data-id=\"74ef104\" data-element_type=\"widget\" data-e-type=\"widget\" data-widget_type=\"heading.default\">\n\t\t\t\t<div class=\"elementor-widget-container\">\n\t\t\t\t\t<h4 class=\"elementor-heading-title elementor-size-default\">Dr Victor Dubois-Ferri\u00e8re<\/h4>\t\t\t\t<\/div>\n\t\t\t\t<\/div>\n\t\t\t\t<div class=\"elementor-element elementor-element-07f9489 elementor-widget elementor-widget-text-editor\" data-id=\"07f9489\" data-element_type=\"widget\" data-e-type=\"widget\" data-widget_type=\"text-editor.default\">\n\t\t\t\t<div class=\"elementor-widget-container\">\n\t\t\t\t\t\t\t\t\t<p class=\"team_titre_sous\">BOARD OF DIRECTORS<br \/>\nSWISS FOOT AND ANKLE SOCIETY<\/p>\n\t\t\t\t\t\t\t\t<\/div>\n\t\t\t\t<\/div>\n\t\t\t\t<\/div>\n\t\t<div class=\"elementor-element elementor-element-11d46cc e-con-full e-flex e-con e-child\" data-id=\"11d46cc\" data-element_type=\"container\" data-e-type=\"container\">\n\t\t\t\t<div class=\"elementor-element elementor-element-02b3811 elementor-widget elementor-widget-image\" data-id=\"02b3811\" data-element_type=\"widget\" data-e-type=\"widget\" data-widget_type=\"image.default\">\n\t\t\t\t<div class=\"elementor-widget-container\">\n\t\t\t\t\t\t\t\t\t\t\t\t\t\t\t<img loading=\"lazy\" decoding=\"async\" width=\"487\" height=\"500\" src=\"https:\/\/centre-assal.ch\/wp-content\/uploads\/2025\/04\/Victor-Dubois-Ferri-team.png\" class=\"attachment-full size-full wp-image-16681\" alt=\"\" srcset=\"https:\/\/centre-assal.ch\/wp-content\/uploads\/2025\/04\/Victor-Dubois-Ferri-team.png 487w, https:\/\/centre-assal.ch\/wp-content\/uploads\/2025\/04\/Victor-Dubois-Ferri-team-292x300.png 292w, https:\/\/centre-assal.ch\/wp-content\/uploads\/2025\/04\/Victor-Dubois-Ferri-team-12x12.png 12w\" sizes=\"(max-width: 487px) 100vw, 487px\" \/>\t\t\t\t\t\t\t\t\t\t\t\t\t\t\t<\/div>\n\t\t\t\t<\/div>\n\t\t\t\t<\/div>\n\t\t<div class=\"elementor-element elementor-element-0827f83 e-con-full e-flex e-con e-child\" data-id=\"0827f83\" data-element_type=\"container\" data-e-type=\"container\">\n\t\t\t\t<div class=\"elementor-element elementor-element-0b5edd5 elementor-widget elementor-widget-theme-post-content\" data-id=\"0b5edd5\" data-element_type=\"widget\" data-e-type=\"widget\" data-widget_type=\"theme-post-content.default\">\n\t\t\t\t<div class=\"elementor-widget-container\">\n\t\t\t\t\t<p>Sp\u00e9cialiste en chirurgie du pied et de la cheville,\u00a0le Dr Victor Dubois-Ferri\u00e8re a effectu\u00e9 l\u2019essentiel de sa carri\u00e8re au sein des H\u00f4pitaux Universitaires de Gen\u00e8ve, notamment comme m\u00e9decin adjoint, o\u00f9 il\u00a0a dirig\u00e9 l&rsquo;\u00e9quipe de chirurgie du pied et de la cheville. Dr Dubois-Ferri\u00e8re a par ailleurs effectu\u00e9 une ann\u00e9e\u00a0d&rsquo;expertise dans le domaine de la chirurgie du pied et de la cheville (fellowship) au sein de\u00a0la prestigieuse Universit\u00e9 de McGill, au Canada. Il a rejoint\u00a0le Centre ASSAL en date du 1er janvier 2021.<\/p>\n\t\t\t\t<\/div>\n\t\t\t\t<\/div>\n\t\t\t\t<\/div>\n\t\t\t\t<\/div>\n\t\t<div class=\"elementor-element elementor-element-888c0c4 e-con-full e-flex e-con e-child\" data-id=\"888c0c4\" data-element_type=\"container\" data-e-type=\"container\">\n\t\t\t\t<div class=\"elementor-element elementor-element-6d9c8c8 btn-fleche btn-2 elementor-widget elementor-widget-button\" data-id=\"6d9c8c8\" data-element_type=\"widget\" data-e-type=\"widget\" data-widget_type=\"button.default\">\n\t\t\t\t<div class=\"elementor-widget-container\">\n\t\t\t\t\t\t\t\t\t<div class=\"elementor-button-wrapper\">\n\t\t\t\t\t<a class=\"elementor-button elementor-button-link elementor-size-sm\" href=\"https:\/\/centre-assal.ch\/en\/equipe\/dr-victor-dubois-ferriere\/\">\n\t\t\t\t\t\t<span class=\"elementor-button-content-wrapper\">\n\t\t\t\t\t\t<span class=\"elementor-button-icon\">\n\t\t\t\t<svg xmlns=\"http:\/\/www.w3.org\/2000\/svg\" width=\"16\" height=\"17\" viewBox=\"0 0 16 17\" fill=\"none\"><path d=\"M7 1.5L14 8.5M14 8.5H0M14 8.5L7 15.5\" stroke=\"#BD9B60\" stroke-width=\"2\"><\/path><\/svg>\t\t\t<\/span>\n\t\t\t\t\t\t\t\t\t<span class=\"elementor-button-text\">Lire<\/span>\n\t\t\t\t\t<\/span>\n\t\t\t\t\t<\/a>\n\t\t\t\t<\/div>\n\t\t\t\t\t\t\t\t<\/div>\n\t\t\t\t<\/div>\n\t\t\t\t<\/div>\n\t\t\t\t<\/a>\n\t\t\t\t<\/div>\n\t\t\t\t<\/div>\n\t\t\n\t\t\t\t\t\t<\/div>\n\t\t\t\t<\/div>\n\t\t\t\t\t<\/div>\n\t\t\t\t<\/div>\n\t\t<div class=\"elementor-element elementor-element-a7dff0c e-flex e-con-boxed e-con e-parent\" data-id=\"a7dff0c\" data-element_type=\"container\" data-e-type=\"container\" id=\"medecins-adjoints\">\n\t\t\t\t\t<div class=\"e-con-inner\">\n\t\t\t\t<div class=\"elementor-element elementor-element-26c881c elementor-widget elementor-widget-heading\" data-id=\"26c881c\" data-element_type=\"widget\" data-e-type=\"widget\" data-widget_type=\"heading.default\">\n\t\t\t\t<div class=\"elementor-widget-container\">\n\t\t\t\t\t<h2 class=\"elementor-heading-title elementor-size-default\">M\u00e9decins adjoints<\/h2>\t\t\t\t<\/div>\n\t\t\t\t<\/div>\n\t\t\t\t<div class=\"elementor-element elementor-element-8026f60 elementor-widget-divider--view-line elementor-widget elementor-widget-divider\" data-id=\"8026f60\" data-element_type=\"widget\" data-e-type=\"widget\" data-widget_type=\"divider.default\">\n\t\t\t\t<div class=\"elementor-widget-container\">\n\t\t\t\t\t\t\t<div class=\"elementor-divider\">\n\t\t\t<span class=\"elementor-divider-separator\">\n\t\t\t\t\t\t<\/span>\n\t\t<\/div>\n\t\t\t\t\t\t<\/div>\n\t\t\t\t<\/div>\n\t\t\t\t\t<\/div>\n\t\t\t\t<\/div>\n\t\t<div class=\"elementor-element elementor-element-8b65d8e e-flex e-con-boxed e-con e-parent\" data-id=\"8b65d8e\" data-element_type=\"container\" data-e-type=\"container\">\n\t\t\t\t\t<div class=\"e-con-inner\">\n\t\t\t\t<div class=\"elementor-element elementor-element-3fa5d3f elementor-grid-mobile-2 elementor-grid-3 elementor-grid-tablet-2 elementor-widget elementor-widget-loop-grid\" data-id=\"3fa5d3f\" data-element_type=\"widget\" data-e-type=\"widget\" data-settings=\"{&quot;template_id&quot;:6834,&quot;row_gap&quot;:{&quot;unit&quot;:&quot;px&quot;,&quot;size&quot;:30,&quot;sizes&quot;:[]},&quot;row_gap_widescreen&quot;:{&quot;unit&quot;:&quot;px&quot;,&quot;size&quot;:30,&quot;sizes&quot;:[]},&quot;columns_mobile&quot;:2,&quot;row_gap_mobile&quot;:{&quot;unit&quot;:&quot;px&quot;,&quot;size&quot;:40,&quot;sizes&quot;:[]},&quot;_skin&quot;:&quot;post&quot;,&quot;columns&quot;:&quot;3&quot;,&quot;columns_tablet&quot;:&quot;2&quot;,&quot;edit_handle_selector&quot;:&quot;[data-elementor-type=\\&quot;loop-item\\&quot;]&quot;,&quot;row_gap_tablet&quot;:{&quot;unit&quot;:&quot;px&quot;,&quot;size&quot;:&quot;&quot;,&quot;sizes&quot;:[]}}\" data-widget_type=\"loop-grid.post\">\n\t\t\t\t<div class=\"elementor-widget-container\">\n\t\t\t\t\t\t\t<div class=\"elementor-loop-container elementor-grid\" role=\"list\">\n\t\t<style id=\"loop-6834\">.elementor-6834 .elementor-element.elementor-element-fcc828d{--display:flex;--padding-top:0px;--padding-bottom:0px;--padding-left:0px;--padding-right:0px;}.elementor-6834 .elementor-element.elementor-element-2fef4df{--display:flex;--padding-top:0px;--padding-bottom:0px;--padding-left:0px;--padding-right:0px;}.elementor-widget-theme-post-featured-image .widget-image-caption{color:var( --e-global-color-text );font-family:var( --e-global-typography-text-font-family ), Sans-serif;font-weight:var( --e-global-typography-text-font-weight );}.elementor-6834 .elementor-element.elementor-element-2909323{text-align:start;}.elementor-6834 .elementor-element.elementor-element-2909323 img{width:100%;}.elementor-6834 .elementor-element.elementor-element-bfcbeed{--display:flex;--gap:010px 010px;--row-gap:010px;--column-gap:010px;--padding-top:0px;--padding-bottom:0px;--padding-left:0px;--padding-right:0px;}.elementor-widget-heading .elementor-heading-title{font-family:var( --e-global-typography-primary-font-family ), Sans-serif;font-weight:var( --e-global-typography-primary-font-weight );color:var( --e-global-color-primary );}.elementor-6834 .elementor-element.elementor-element-2edef17 .elementor-heading-title{font-family:\"Source Sans Pro\", Sans-serif;font-weight:600;}.elementor-widget-text-editor{font-family:var( --e-global-typography-text-font-family ), Sans-serif;font-weight:var( --e-global-typography-text-font-weight );color:var( --e-global-color-text );}.elementor-widget-text-editor.elementor-drop-cap-view-stacked .elementor-drop-cap{background-color:var( --e-global-color-primary );}.elementor-widget-text-editor.elementor-drop-cap-view-framed .elementor-drop-cap, .elementor-widget-text-editor.elementor-drop-cap-view-default .elementor-drop-cap{color:var( --e-global-color-primary );border-color:var( --e-global-color-primary );}.elementor-6834 .elementor-element.elementor-element-b2d3b84{font-family:\"Source Sans Pro\", Sans-serif;font-size:16px;font-weight:600;text-transform:uppercase;line-height:1.2em;color:var( --e-global-color-bd870b3 );}@media(max-width:1024px){.elementor-6834 .elementor-element.elementor-element-b2d3b84{font-size:14px;}}@media(max-width:767px){.elementor-6834 .elementor-element.elementor-element-2fef4df{--padding-top:0px;--padding-bottom:0px;--padding-left:0px;--padding-right:0px;}.elementor-6834 .elementor-element.elementor-element-2edef17 .elementor-heading-title{font-size:16px;}.elementor-6834 .elementor-element.elementor-element-b2d3b84{font-size:14px;}}@media(min-width:1920px){.elementor-6834 .elementor-element.elementor-element-bfcbeed{--gap:15px 15px;--row-gap:15px;--column-gap:15px;}.elementor-6834 .elementor-element.elementor-element-2edef17 .elementor-heading-title{font-size:40px;}.elementor-6834 .elementor-element.elementor-element-b2d3b84{font-size:20px;line-height:1.4em;}}\/* Start custom CSS for container, class: .elementor-element-2fef4df *\/@media(min-width:1750px){\n    .elementor-6834 .elementor-element.elementor-element-2fef4df{\n        background-position: center top; \n    }\n}\n.elementor-6834 .elementor-element.elementor-element-2fef4df{\n    background-repeat: no-repeat!important;\n    background-size: cover!important;\n    background-position-x: center!important;\n}\n@media (max-width:767px) and (min-width:600px){\n    .elementor-6834 .elementor-element.elementor-element-2fef4df{\n        min-height: 275px;\n        background-position-y: 0px !important;\n    }\n}\/* End custom CSS *\/<\/style>\t\t<div data-elementor-type=\"loop-item\" data-elementor-id=\"6834\" class=\"elementor elementor-6834 e-loop-item e-loop-item-7104 post-7104 equipe type-equipe status-publish has-post-thumbnail hentry categorie_equipe-medecins-adjoints\" data-elementor-post-type=\"elementor_library\" data-custom-edit-handle=\"1\">\n\t\t\t<a class=\"elementor-element elementor-element-fcc828d e-con-full e-flex e-con e-child\" data-id=\"fcc828d\" data-element_type=\"container\" data-e-type=\"container\" href=\"https:\/\/centre-assal.ch\/en\/equipe\/dr-antoine-acker\/\">\n\t\t<div class=\"elementor-element elementor-element-2fef4df e-con-full e-flex e-con e-child\" data-id=\"2fef4df\" data-element_type=\"container\" data-e-type=\"container\">\n\t\t\t\t<div class=\"elementor-element elementor-element-2909323 elementor-widget elementor-widget-theme-post-featured-image elementor-widget-image\" data-id=\"2909323\" data-element_type=\"widget\" data-e-type=\"widget\" data-widget_type=\"theme-post-featured-image.default\">\n\t\t\t\t<div class=\"elementor-widget-container\">\n\t\t\t\t\t\t\t\t\t\t\t\t\t\t\t<img loading=\"lazy\" decoding=\"async\" width=\"487\" height=\"500\" src=\"https:\/\/centre-assal.ch\/wp-content\/uploads\/2025\/06\/Antoine-Acker-NAK_2411-scaled-e1750664189525-1.png\" class=\"attachment-full size-full wp-image-16726\" alt=\"\" srcset=\"https:\/\/centre-assal.ch\/wp-content\/uploads\/2025\/06\/Antoine-Acker-NAK_2411-scaled-e1750664189525-1.png 487w, https:\/\/centre-assal.ch\/wp-content\/uploads\/2025\/06\/Antoine-Acker-NAK_2411-scaled-e1750664189525-1-292x300.png 292w, https:\/\/centre-assal.ch\/wp-content\/uploads\/2025\/06\/Antoine-Acker-NAK_2411-scaled-e1750664189525-1-12x12.png 12w\" sizes=\"(max-width: 487px) 100vw, 487px\" \/>\t\t\t\t\t\t\t\t\t\t\t\t\t\t\t<\/div>\n\t\t\t\t<\/div>\n\t\t\t\t<\/div>\n\t\t<div class=\"elementor-element elementor-element-bfcbeed e-con-full e-flex e-con e-child\" data-id=\"bfcbeed\" data-element_type=\"container\" data-e-type=\"container\">\n\t\t\t\t<div class=\"elementor-element elementor-element-2edef17 elementor-widget elementor-widget-heading\" data-id=\"2edef17\" data-element_type=\"widget\" data-e-type=\"widget\" data-widget_type=\"heading.default\">\n\t\t\t\t<div class=\"elementor-widget-container\">\n\t\t\t\t\t<h4 class=\"elementor-heading-title elementor-size-default\">Dr Antoine Acker<\/h4>\t\t\t\t<\/div>\n\t\t\t\t<\/div>\n\t\t\t\t<div class=\"elementor-element elementor-element-b2d3b84 elementor-widget elementor-widget-text-editor\" data-id=\"b2d3b84\" data-element_type=\"widget\" data-e-type=\"widget\" data-widget_type=\"text-editor.default\">\n\t\t\t\t<div class=\"elementor-widget-container\">\n\t\t\t\t\t\t\t\t\t<p class=\"team_titre_sous\">SP\u00c9CIALISTE EN CHIRURGIE ORTHOP\u00c9DIQUE, FMH<br \/>\nSP\u00c9CIALISTE PIED ET CHEVILLE<\/p>\n\t\t\t\t\t\t\t\t<\/div>\n\t\t\t\t<\/div>\n\t\t\t\t<\/div>\n\t\t\t\t<\/a>\n\t\t\t\t<\/div>\n\t\t\t\t<div data-elementor-type=\"loop-item\" data-elementor-id=\"6834\" class=\"elementor elementor-6834 e-loop-item e-loop-item-7194 post-7194 equipe type-equipe status-publish has-post-thumbnail hentry categorie_equipe-medecins-adjoints\" data-elementor-post-type=\"elementor_library\" data-custom-edit-handle=\"1\">\n\t\t\t<a class=\"elementor-element elementor-element-fcc828d e-con-full e-flex e-con e-child\" data-id=\"fcc828d\" data-element_type=\"container\" data-e-type=\"container\" href=\"https:\/\/centre-assal.ch\/en\/equipe\/dr-nils-reymond\/\">\n\t\t<div class=\"elementor-element elementor-element-2fef4df e-con-full e-flex e-con e-child\" data-id=\"2fef4df\" data-element_type=\"container\" data-e-type=\"container\">\n\t\t\t\t<div class=\"elementor-element elementor-element-2909323 elementor-widget elementor-widget-theme-post-featured-image elementor-widget-image\" data-id=\"2909323\" data-element_type=\"widget\" data-e-type=\"widget\" data-widget_type=\"theme-post-featured-image.default\">\n\t\t\t\t<div class=\"elementor-widget-container\">\n\t\t\t\t\t\t\t\t\t\t\t\t\t\t\t<img loading=\"lazy\" decoding=\"async\" width=\"487\" height=\"500\" src=\"https:\/\/centre-assal.ch\/wp-content\/uploads\/2025\/05\/Nils-Reymond-NAK_0787-scaled-e1750663828717.png\" class=\"attachment-full size-full wp-image-16721\" alt=\"\" srcset=\"https:\/\/centre-assal.ch\/wp-content\/uploads\/2025\/05\/Nils-Reymond-NAK_0787-scaled-e1750663828717.png 487w, https:\/\/centre-assal.ch\/wp-content\/uploads\/2025\/05\/Nils-Reymond-NAK_0787-scaled-e1750663828717-292x300.png 292w, https:\/\/centre-assal.ch\/wp-content\/uploads\/2025\/05\/Nils-Reymond-NAK_0787-scaled-e1750663828717-12x12.png 12w\" sizes=\"(max-width: 487px) 100vw, 487px\" \/>\t\t\t\t\t\t\t\t\t\t\t\t\t\t\t<\/div>\n\t\t\t\t<\/div>\n\t\t\t\t<\/div>\n\t\t<div class=\"elementor-element elementor-element-bfcbeed e-con-full e-flex e-con e-child\" data-id=\"bfcbeed\" data-element_type=\"container\" data-e-type=\"container\">\n\t\t\t\t<div class=\"elementor-element elementor-element-2edef17 elementor-widget elementor-widget-heading\" data-id=\"2edef17\" data-element_type=\"widget\" data-e-type=\"widget\" data-widget_type=\"heading.default\">\n\t\t\t\t<div class=\"elementor-widget-container\">\n\t\t\t\t\t<h4 class=\"elementor-heading-title elementor-size-default\">Dr Nils Reymond<\/h4>\t\t\t\t<\/div>\n\t\t\t\t<\/div>\n\t\t\t\t<div class=\"elementor-element elementor-element-b2d3b84 elementor-widget elementor-widget-text-editor\" data-id=\"b2d3b84\" data-element_type=\"widget\" data-e-type=\"widget\" data-widget_type=\"text-editor.default\">\n\t\t\t\t<div class=\"elementor-widget-container\">\n\t\t\t\t\t\t\t\t\t<p class=\"team_titre_sous\">SP\u00c9CIALISTE EN CHIRURGIE ORTHOP\u00c9DIQUE, FMH<br \/>\nSP\u00c9CIALISTE PIED ET CHEVILLE<\/p>\n\t\t\t\t\t\t\t\t<\/div>\n\t\t\t\t<\/div>\n\t\t\t\t<\/div>\n\t\t\t\t<\/a>\n\t\t\t\t<\/div>\n\t\t\t\t<div data-elementor-type=\"loop-item\" data-elementor-id=\"6834\" class=\"elementor elementor-6834 e-loop-item e-loop-item-7199 post-7199 equipe type-equipe status-publish has-post-thumbnail hentry categorie_equipe-medecins-adjoints\" data-elementor-post-type=\"elementor_library\" data-custom-edit-handle=\"1\">\n\t\t\t<a class=\"elementor-element elementor-element-fcc828d e-con-full e-flex e-con e-child\" data-id=\"fcc828d\" data-element_type=\"container\" data-e-type=\"container\" href=\"https:\/\/centre-assal.ch\/en\/equipe\/dr-maximilian-schindler\/\">\n\t\t<div class=\"elementor-element elementor-element-2fef4df e-con-full e-flex e-con e-child\" data-id=\"2fef4df\" data-element_type=\"container\" data-e-type=\"container\">\n\t\t\t\t<div class=\"elementor-element elementor-element-2909323 elementor-widget elementor-widget-theme-post-featured-image elementor-widget-image\" data-id=\"2909323\" data-element_type=\"widget\" data-e-type=\"widget\" data-widget_type=\"theme-post-featured-image.default\">\n\t\t\t\t<div class=\"elementor-widget-container\">\n\t\t\t\t\t\t\t\t\t\t\t\t\t\t\t<img loading=\"lazy\" decoding=\"async\" width=\"487\" height=\"500\" src=\"https:\/\/centre-assal.ch\/wp-content\/uploads\/2025\/06\/Maximilian-Schindler-NAK_2248-Edit-scaled-e1750663909811.png\" class=\"attachment-full size-full wp-image-16710\" alt=\"\" srcset=\"https:\/\/centre-assal.ch\/wp-content\/uploads\/2025\/06\/Maximilian-Schindler-NAK_2248-Edit-scaled-e1750663909811.png 487w, https:\/\/centre-assal.ch\/wp-content\/uploads\/2025\/06\/Maximilian-Schindler-NAK_2248-Edit-scaled-e1750663909811-292x300.png 292w, https:\/\/centre-assal.ch\/wp-content\/uploads\/2025\/06\/Maximilian-Schindler-NAK_2248-Edit-scaled-e1750663909811-12x12.png 12w\" sizes=\"(max-width: 487px) 100vw, 487px\" \/>\t\t\t\t\t\t\t\t\t\t\t\t\t\t\t<\/div>\n\t\t\t\t<\/div>\n\t\t\t\t<\/div>\n\t\t<div class=\"elementor-element elementor-element-bfcbeed e-con-full e-flex e-con e-child\" data-id=\"bfcbeed\" data-element_type=\"container\" data-e-type=\"container\">\n\t\t\t\t<div class=\"elementor-element elementor-element-2edef17 elementor-widget elementor-widget-heading\" data-id=\"2edef17\" data-element_type=\"widget\" data-e-type=\"widget\" data-widget_type=\"heading.default\">\n\t\t\t\t<div class=\"elementor-widget-container\">\n\t\t\t\t\t<h4 class=\"elementor-heading-title elementor-size-default\">Dr Maximilian Schindler<\/h4>\t\t\t\t<\/div>\n\t\t\t\t<\/div>\n\t\t\t\t<div class=\"elementor-element elementor-element-b2d3b84 elementor-widget elementor-widget-text-editor\" data-id=\"b2d3b84\" data-element_type=\"widget\" data-e-type=\"widget\" data-widget_type=\"text-editor.default\">\n\t\t\t\t<div class=\"elementor-widget-container\">\n\t\t\t\t\t\t\t\t\t<p class=\"team_titre_sous\">SP\u00c9CIALISTE EN M\u00c9DECINE PHYSIQUE ET R\u00c9ADAPTATION, FMH<br \/>\nM\u00c9DECINE DU SPORT ET DE L&rsquo;EXERCICE<\/p>\n\t\t\t\t\t\t\t\t<\/div>\n\t\t\t\t<\/div>\n\t\t\t\t<\/div>\n\t\t\t\t<\/a>\n\t\t\t\t<\/div>\n\t\t\t\t<div data-elementor-type=\"loop-item\" data-elementor-id=\"6834\" class=\"elementor elementor-6834 e-loop-item e-loop-item-7192 post-7192 equipe type-equipe status-publish has-post-thumbnail hentry categorie_equipe-medecins-adjoints\" data-elementor-post-type=\"elementor_library\" data-custom-edit-handle=\"1\">\n\t\t\t<a class=\"elementor-element elementor-element-fcc828d e-con-full e-flex e-con e-child\" data-id=\"fcc828d\" data-element_type=\"container\" data-e-type=\"container\" href=\"https:\/\/centre-assal.ch\/en\/equipe\/filippo-pierobon\/\">\n\t\t<div class=\"elementor-element elementor-element-2fef4df e-con-full e-flex e-con e-child\" data-id=\"2fef4df\" data-element_type=\"container\" data-e-type=\"container\">\n\t\t\t\t<div class=\"elementor-element elementor-element-2909323 elementor-widget elementor-widget-theme-post-featured-image elementor-widget-image\" data-id=\"2909323\" data-element_type=\"widget\" data-e-type=\"widget\" data-widget_type=\"theme-post-featured-image.default\">\n\t\t\t\t<div class=\"elementor-widget-container\">\n\t\t\t\t\t\t\t\t\t\t\t\t\t\t\t<img loading=\"lazy\" decoding=\"async\" width=\"487\" height=\"500\" src=\"https:\/\/centre-assal.ch\/wp-content\/uploads\/2025\/06\/Filippo-Pierobon.png\" class=\"attachment-full size-full wp-image-16703\" alt=\"\" srcset=\"https:\/\/centre-assal.ch\/wp-content\/uploads\/2025\/06\/Filippo-Pierobon.png 487w, https:\/\/centre-assal.ch\/wp-content\/uploads\/2025\/06\/Filippo-Pierobon-292x300.png 292w, https:\/\/centre-assal.ch\/wp-content\/uploads\/2025\/06\/Filippo-Pierobon-12x12.png 12w\" sizes=\"(max-width: 487px) 100vw, 487px\" \/>\t\t\t\t\t\t\t\t\t\t\t\t\t\t\t<\/div>\n\t\t\t\t<\/div>\n\t\t\t\t<\/div>\n\t\t<div class=\"elementor-element elementor-element-bfcbeed e-con-full e-flex e-con e-child\" data-id=\"bfcbeed\" data-element_type=\"container\" data-e-type=\"container\">\n\t\t\t\t<div class=\"elementor-element elementor-element-2edef17 elementor-widget elementor-widget-heading\" data-id=\"2edef17\" data-element_type=\"widget\" data-e-type=\"widget\" data-widget_type=\"heading.default\">\n\t\t\t\t<div class=\"elementor-widget-container\">\n\t\t\t\t\t<h4 class=\"elementor-heading-title elementor-size-default\">Dr Filippo Pierobon<\/h4>\t\t\t\t<\/div>\n\t\t\t\t<\/div>\n\t\t\t\t<div class=\"elementor-element elementor-element-b2d3b84 elementor-widget elementor-widget-text-editor\" data-id=\"b2d3b84\" data-element_type=\"widget\" data-e-type=\"widget\" data-widget_type=\"text-editor.default\">\n\t\t\t\t<div class=\"elementor-widget-container\">\n\t\t\t\t\t\t\t\t\t<p class=\"team_titre_sous\">SP\u00c9CIALISTE EN CHIRURGIE ORTHOP\u00c9DIQUE, FMH<br \/>\nSP\u00c9CIALISTE PIED ET CHEVILLE<\/p>\n\t\t\t\t\t\t\t\t<\/div>\n\t\t\t\t<\/div>\n\t\t\t\t<\/div>\n\t\t\t\t<\/a>\n\t\t\t\t<\/div>\n\t\t\t\t<\/div>\n\t\t\n\t\t\t\t\t\t<\/div>\n\t\t\t\t<\/div>\n\t\t\t\t\t<\/div>\n\t\t\t\t<\/div>\n\t\t<div class=\"elementor-element elementor-element-ada3473 e-flex e-con-boxed e-con e-parent\" data-id=\"ada3473\" data-element_type=\"container\" data-e-type=\"container\" id=\"medecins-consultants\">\n\t\t\t\t\t<div class=\"e-con-inner\">\n\t\t\t\t<div class=\"elementor-element elementor-element-2891b45 elementor-widget elementor-widget-heading\" data-id=\"2891b45\" data-element_type=\"widget\" data-e-type=\"widget\" data-widget_type=\"heading.default\">\n\t\t\t\t<div class=\"elementor-widget-container\">\n\t\t\t\t\t<h2 class=\"elementor-heading-title elementor-size-default\">M\u00e9decins consultants<\/h2>\t\t\t\t<\/div>\n\t\t\t\t<\/div>\n\t\t\t\t<div class=\"elementor-element elementor-element-f50db0e elementor-widget-divider--view-line elementor-widget elementor-widget-divider\" data-id=\"f50db0e\" data-element_type=\"widget\" data-e-type=\"widget\" data-widget_type=\"divider.default\">\n\t\t\t\t<div class=\"elementor-widget-container\">\n\t\t\t\t\t\t\t<div class=\"elementor-divider\">\n\t\t\t<span class=\"elementor-divider-separator\">\n\t\t\t\t\t\t<\/span>\n\t\t<\/div>\n\t\t\t\t\t\t<\/div>\n\t\t\t\t<\/div>\n\t\t\t\t\t<\/div>\n\t\t\t\t<\/div>\n\t\t<div class=\"elementor-element elementor-element-cd50cd4 e-flex e-con-boxed e-con e-parent\" data-id=\"cd50cd4\" data-element_type=\"container\" data-e-type=\"container\">\n\t\t\t\t\t<div class=\"e-con-inner\">\n\t\t\t\t<div class=\"elementor-element elementor-element-7bdb271 elementor-grid-mobile-2 elementor-grid-3 elementor-grid-tablet-2 elementor-widget elementor-widget-loop-grid\" data-id=\"7bdb271\" data-element_type=\"widget\" data-e-type=\"widget\" data-settings=\"{&quot;template_id&quot;:6834,&quot;row_gap&quot;:{&quot;unit&quot;:&quot;px&quot;,&quot;size&quot;:30,&quot;sizes&quot;:[]},&quot;row_gap_widescreen&quot;:{&quot;unit&quot;:&quot;px&quot;,&quot;size&quot;:30,&quot;sizes&quot;:[]},&quot;columns_mobile&quot;:2,&quot;row_gap_mobile&quot;:{&quot;unit&quot;:&quot;px&quot;,&quot;size&quot;:40,&quot;sizes&quot;:[]},&quot;_skin&quot;:&quot;post&quot;,&quot;columns&quot;:&quot;3&quot;,&quot;columns_tablet&quot;:&quot;2&quot;,&quot;edit_handle_selector&quot;:&quot;[data-elementor-type=\\&quot;loop-item\\&quot;]&quot;,&quot;row_gap_tablet&quot;:{&quot;unit&quot;:&quot;px&quot;,&quot;size&quot;:&quot;&quot;,&quot;sizes&quot;:[]}}\" data-widget_type=\"loop-grid.post\">\n\t\t\t\t<div class=\"elementor-widget-container\">\n\t\t\t\t\t\t\t<div class=\"elementor-loop-container elementor-grid\" role=\"list\">\n\t\t\t\t<div data-elementor-type=\"loop-item\" data-elementor-id=\"6834\" class=\"elementor elementor-6834 e-loop-item e-loop-item-7201 post-7201 equipe type-equipe status-publish has-post-thumbnail hentry categorie_equipe-medecins-consultants\" data-elementor-post-type=\"elementor_library\" data-custom-edit-handle=\"1\">\n\t\t\t<a class=\"elementor-element elementor-element-fcc828d e-con-full e-flex e-con e-child\" data-id=\"fcc828d\" data-element_type=\"container\" data-e-type=\"container\" href=\"https:\/\/centre-assal.ch\/en\/equipe\/dr-silvia-bonfanti\/\">\n\t\t<div class=\"elementor-element elementor-element-2fef4df e-con-full e-flex e-con e-child\" data-id=\"2fef4df\" data-element_type=\"container\" data-e-type=\"container\">\n\t\t\t\t<div class=\"elementor-element elementor-element-2909323 elementor-widget elementor-widget-theme-post-featured-image elementor-widget-image\" data-id=\"2909323\" data-element_type=\"widget\" data-e-type=\"widget\" data-widget_type=\"theme-post-featured-image.default\">\n\t\t\t\t<div class=\"elementor-widget-container\">\n\t\t\t\t\t\t\t\t\t\t\t\t\t\t\t<img loading=\"lazy\" decoding=\"async\" width=\"487\" height=\"500\" src=\"https:\/\/centre-assal.ch\/wp-content\/uploads\/2025\/06\/Silvia-Bonfanti-NAK_2471-scaled-e1750663700226.png\" class=\"attachment-full size-full wp-image-16693\" alt=\"\" srcset=\"https:\/\/centre-assal.ch\/wp-content\/uploads\/2025\/06\/Silvia-Bonfanti-NAK_2471-scaled-e1750663700226.png 487w, https:\/\/centre-assal.ch\/wp-content\/uploads\/2025\/06\/Silvia-Bonfanti-NAK_2471-scaled-e1750663700226-292x300.png 292w, https:\/\/centre-assal.ch\/wp-content\/uploads\/2025\/06\/Silvia-Bonfanti-NAK_2471-scaled-e1750663700226-12x12.png 12w\" sizes=\"(max-width: 487px) 100vw, 487px\" \/>\t\t\t\t\t\t\t\t\t\t\t\t\t\t\t<\/div>\n\t\t\t\t<\/div>\n\t\t\t\t<\/div>\n\t\t<div class=\"elementor-element elementor-element-bfcbeed e-con-full e-flex e-con e-child\" data-id=\"bfcbeed\" data-element_type=\"container\" data-e-type=\"container\">\n\t\t\t\t<div class=\"elementor-element elementor-element-2edef17 elementor-widget elementor-widget-heading\" data-id=\"2edef17\" data-element_type=\"widget\" data-e-type=\"widget\" data-widget_type=\"heading.default\">\n\t\t\t\t<div class=\"elementor-widget-container\">\n\t\t\t\t\t<h4 class=\"elementor-heading-title elementor-size-default\">Dr Silvia Bonfanti<\/h4>\t\t\t\t<\/div>\n\t\t\t\t<\/div>\n\t\t\t\t<div class=\"elementor-element elementor-element-b2d3b84 elementor-widget elementor-widget-text-editor\" data-id=\"b2d3b84\" data-element_type=\"widget\" data-e-type=\"widget\" data-widget_type=\"text-editor.default\">\n\t\t\t\t<div class=\"elementor-widget-container\">\n\t\t\t\t\t\t\t\t\t<p class=\"team_titre_sous\">SP\u00c9CIALISTE EN M\u00c9DECINE PHYSIQUE ET R\u00c9ADAPTATION, FMH<br \/>\nM\u00c9DECINE DU SPORT ET DE L&rsquo;EXERCICE<\/p>\n\t\t\t\t\t\t\t\t<\/div>\n\t\t\t\t<\/div>\n\t\t\t\t<\/div>\n\t\t\t\t<\/a>\n\t\t\t\t<\/div>\n\t\t\t\t<div data-elementor-type=\"loop-item\" data-elementor-id=\"6834\" class=\"elementor elementor-6834 e-loop-item e-loop-item-7207 post-7207 equipe type-equipe status-publish has-post-thumbnail hentry categorie_equipe-medecins-consultants\" data-elementor-post-type=\"elementor_library\" data-custom-edit-handle=\"1\">\n\t\t\t<a class=\"elementor-element elementor-element-fcc828d e-con-full e-flex e-con e-child\" data-id=\"fcc828d\" data-element_type=\"container\" data-e-type=\"container\" href=\"https:\/\/centre-assal.ch\/en\/equipe\/dr-marc-francillon\/\">\n\t\t<div class=\"elementor-element elementor-element-2fef4df e-con-full e-flex e-con e-child\" data-id=\"2fef4df\" data-element_type=\"container\" data-e-type=\"container\">\n\t\t\t\t<div class=\"elementor-element elementor-element-2909323 elementor-widget elementor-widget-theme-post-featured-image elementor-widget-image\" data-id=\"2909323\" data-element_type=\"widget\" data-e-type=\"widget\" data-widget_type=\"theme-post-featured-image.default\">\n\t\t\t\t<div class=\"elementor-widget-container\">\n\t\t\t\t\t\t\t\t\t\t\t\t\t\t\t<img loading=\"lazy\" decoding=\"async\" width=\"487\" height=\"500\" src=\"https:\/\/centre-assal.ch\/wp-content\/uploads\/2025\/06\/Marc-Francillon-NAK_0837-scaled-e1750663967338.png\" class=\"attachment-full size-full wp-image-16708\" alt=\"\" srcset=\"https:\/\/centre-assal.ch\/wp-content\/uploads\/2025\/06\/Marc-Francillon-NAK_0837-scaled-e1750663967338.png 487w, https:\/\/centre-assal.ch\/wp-content\/uploads\/2025\/06\/Marc-Francillon-NAK_0837-scaled-e1750663967338-292x300.png 292w, https:\/\/centre-assal.ch\/wp-content\/uploads\/2025\/06\/Marc-Francillon-NAK_0837-scaled-e1750663967338-12x12.png 12w\" sizes=\"(max-width: 487px) 100vw, 487px\" \/>\t\t\t\t\t\t\t\t\t\t\t\t\t\t\t<\/div>\n\t\t\t\t<\/div>\n\t\t\t\t<\/div>\n\t\t<div class=\"elementor-element elementor-element-bfcbeed e-con-full e-flex e-con e-child\" data-id=\"bfcbeed\" data-element_type=\"container\" data-e-type=\"container\">\n\t\t\t\t<div class=\"elementor-element elementor-element-2edef17 elementor-widget elementor-widget-heading\" data-id=\"2edef17\" data-element_type=\"widget\" data-e-type=\"widget\" data-widget_type=\"heading.default\">\n\t\t\t\t<div class=\"elementor-widget-container\">\n\t\t\t\t\t<h4 class=\"elementor-heading-title elementor-size-default\">Dr Marc Francillon<\/h4>\t\t\t\t<\/div>\n\t\t\t\t<\/div>\n\t\t\t\t<div class=\"elementor-element elementor-element-b2d3b84 elementor-widget elementor-widget-text-editor\" data-id=\"b2d3b84\" data-element_type=\"widget\" data-e-type=\"widget\" data-widget_type=\"text-editor.default\">\n\t\t\t\t<div class=\"elementor-widget-container\">\n\t\t\t\t\t\t\t\t\t<p class=\"team_titre_sous\">SP\u00c9CIALISTE EN M\u00c9DECINE PHYSIQUE ET R\u00c9ADAPTATION, FMH<br \/>\nSP\u00c9CIALISTE EN M\u00c9DECINE DU SPORT ET DE L&rsquo;EXERCICE<\/p>\n\t\t\t\t\t\t\t\t<\/div>\n\t\t\t\t<\/div>\n\t\t\t\t<\/div>\n\t\t\t\t<\/a>\n\t\t\t\t<\/div>\n\t\t\t\t<\/div>\n\t\t\n\t\t\t\t\t\t<\/div>\n\t\t\t\t<\/div>\n\t\t\t\t\t<\/div>\n\t\t\t\t<\/div>\n\t\t<div class=\"elementor-element elementor-element-aaaf2a7 e-flex e-con-boxed e-con e-parent\" data-id=\"aaaf2a7\" data-element_type=\"container\" data-e-type=\"container\" id=\"equipe-de-soins\">\n\t\t\t\t\t<div class=\"e-con-inner\">\n\t\t\t\t<div class=\"elementor-element elementor-element-1264309 elementor-widget elementor-widget-heading\" data-id=\"1264309\" data-element_type=\"widget\" data-e-type=\"widget\" data-widget_type=\"heading.default\">\n\t\t\t\t<div class=\"elementor-widget-container\">\n\t\t\t\t\t<h2 class=\"elementor-heading-title elementor-size-default\">L\u2019\u00e9quipe de soins<\/h2>\t\t\t\t<\/div>\n\t\t\t\t<\/div>\n\t\t\t\t<div class=\"elementor-element elementor-element-06101b7 elementor-widget-divider--view-line elementor-widget elementor-widget-divider\" data-id=\"06101b7\" data-element_type=\"widget\" data-e-type=\"widget\" data-widget_type=\"divider.default\">\n\t\t\t\t<div class=\"elementor-widget-container\">\n\t\t\t\t\t\t\t<div class=\"elementor-divider\">\n\t\t\t<span class=\"elementor-divider-separator\">\n\t\t\t\t\t\t<\/span>\n\t\t<\/div>\n\t\t\t\t\t\t<\/div>\n\t\t\t\t<\/div>\n\t\t\t\t\t<\/div>\n\t\t\t\t<\/div>\n\t\t<div class=\"elementor-element elementor-element-9cec826 e-flex e-con-boxed e-con e-parent\" data-id=\"9cec826\" data-element_type=\"container\" data-e-type=\"container\">\n\t\t\t\t\t<div class=\"e-con-inner\">\n\t\t\t\t<div class=\"elementor-element elementor-element-d59f573 elementor-grid-mobile-2 elementor-grid-3 elementor-grid-tablet-2 elementor-widget elementor-widget-loop-grid\" data-id=\"d59f573\" data-element_type=\"widget\" data-e-type=\"widget\" data-settings=\"{&quot;template_id&quot;:6834,&quot;row_gap&quot;:{&quot;unit&quot;:&quot;px&quot;,&quot;size&quot;:30,&quot;sizes&quot;:[]},&quot;row_gap_widescreen&quot;:{&quot;unit&quot;:&quot;px&quot;,&quot;size&quot;:30,&quot;sizes&quot;:[]},&quot;columns_mobile&quot;:2,&quot;row_gap_mobile&quot;:{&quot;unit&quot;:&quot;px&quot;,&quot;size&quot;:40,&quot;sizes&quot;:[]},&quot;_skin&quot;:&quot;post&quot;,&quot;columns&quot;:&quot;3&quot;,&quot;columns_tablet&quot;:&quot;2&quot;,&quot;edit_handle_selector&quot;:&quot;[data-elementor-type=\\&quot;loop-item\\&quot;]&quot;,&quot;row_gap_tablet&quot;:{&quot;unit&quot;:&quot;px&quot;,&quot;size&quot;:&quot;&quot;,&quot;sizes&quot;:[]}}\" data-widget_type=\"loop-grid.post\">\n\t\t\t\t<div class=\"elementor-widget-container\">\n\t\t\t\t\t\t\t<div class=\"elementor-loop-container elementor-grid\" role=\"list\">\n\t\t\t\t<div data-elementor-type=\"loop-item\" data-elementor-id=\"6834\" class=\"elementor elementor-6834 e-loop-item e-loop-item-7203 post-7203 equipe type-equipe status-publish has-post-thumbnail hentry categorie_equipe-lequipe-de-soins\" data-elementor-post-type=\"elementor_library\" data-custom-edit-handle=\"1\">\n\t\t\t<a class=\"elementor-element elementor-element-fcc828d e-con-full e-flex e-con e-child\" data-id=\"fcc828d\" data-element_type=\"container\" data-e-type=\"container\" href=\"https:\/\/centre-assal.ch\/en\/equipe\/giuseppina-ciraudo\/\">\n\t\t<div class=\"elementor-element elementor-element-2fef4df e-con-full e-flex e-con e-child\" data-id=\"2fef4df\" data-element_type=\"container\" data-e-type=\"container\">\n\t\t\t\t<div class=\"elementor-element elementor-element-2909323 elementor-widget elementor-widget-theme-post-featured-image elementor-widget-image\" data-id=\"2909323\" data-element_type=\"widget\" data-e-type=\"widget\" data-widget_type=\"theme-post-featured-image.default\">\n\t\t\t\t<div class=\"elementor-widget-container\">\n\t\t\t\t\t\t\t\t\t\t\t\t\t\t\t<img loading=\"lazy\" decoding=\"async\" width=\"487\" height=\"500\" src=\"https:\/\/centre-assal.ch\/wp-content\/uploads\/2025\/06\/Giuseppina-Ciraudo.png\" class=\"attachment-full size-full wp-image-16705\" alt=\"\" srcset=\"https:\/\/centre-assal.ch\/wp-content\/uploads\/2025\/06\/Giuseppina-Ciraudo.png 487w, https:\/\/centre-assal.ch\/wp-content\/uploads\/2025\/06\/Giuseppina-Ciraudo-292x300.png 292w, https:\/\/centre-assal.ch\/wp-content\/uploads\/2025\/06\/Giuseppina-Ciraudo-12x12.png 12w\" sizes=\"(max-width: 487px) 100vw, 487px\" \/>\t\t\t\t\t\t\t\t\t\t\t\t\t\t\t<\/div>\n\t\t\t\t<\/div>\n\t\t\t\t<\/div>\n\t\t<div class=\"elementor-element elementor-element-bfcbeed e-con-full e-flex e-con e-child\" data-id=\"bfcbeed\" data-element_type=\"container\" data-e-type=\"container\">\n\t\t\t\t<div class=\"elementor-element elementor-element-2edef17 elementor-widget elementor-widget-heading\" data-id=\"2edef17\" data-element_type=\"widget\" data-e-type=\"widget\" data-widget_type=\"heading.default\">\n\t\t\t\t<div class=\"elementor-widget-container\">\n\t\t\t\t\t<h4 class=\"elementor-heading-title elementor-size-default\">Giuseppina Ciraudo<\/h4>\t\t\t\t<\/div>\n\t\t\t\t<\/div>\n\t\t\t\t<div class=\"elementor-element elementor-element-b2d3b84 elementor-widget elementor-widget-text-editor\" data-id=\"b2d3b84\" data-element_type=\"widget\" data-e-type=\"widget\" data-widget_type=\"text-editor.default\">\n\t\t\t\t<div class=\"elementor-widget-container\">\n\t\t\t\t\t\t\t\t\t<p class=\"team_titre_sous\">INFIRMI\u00c8RE SP\u00c9CIALISTE EN SOINS G\u00c9N\u00c9RAUX<\/p>\n\t\t\t\t\t\t\t\t<\/div>\n\t\t\t\t<\/div>\n\t\t\t\t<\/div>\n\t\t\t\t<\/a>\n\t\t\t\t<\/div>\n\t\t\t\t<div data-elementor-type=\"loop-item\" data-elementor-id=\"6834\" class=\"elementor elementor-6834 e-loop-item e-loop-item-7206 post-7206 equipe type-equipe status-publish has-post-thumbnail hentry categorie_equipe-lequipe-de-soins\" data-elementor-post-type=\"elementor_library\" data-custom-edit-handle=\"1\">\n\t\t\t<a class=\"elementor-element elementor-element-fcc828d e-con-full e-flex e-con e-child\" data-id=\"fcc828d\" data-element_type=\"container\" data-e-type=\"container\" href=\"https:\/\/centre-assal.ch\/en\/equipe\/pierre-clement\/\">\n\t\t<div class=\"elementor-element elementor-element-2fef4df e-con-full e-flex e-con e-child\" data-id=\"2fef4df\" data-element_type=\"container\" data-e-type=\"container\">\n\t\t\t\t<div class=\"elementor-element elementor-element-2909323 elementor-widget elementor-widget-theme-post-featured-image elementor-widget-image\" data-id=\"2909323\" data-element_type=\"widget\" data-e-type=\"widget\" data-widget_type=\"theme-post-featured-image.default\">\n\t\t\t\t<div class=\"elementor-widget-container\">\n\t\t\t\t\t\t\t\t\t\t\t\t\t\t\t<img loading=\"lazy\" decoding=\"async\" width=\"487\" height=\"500\" src=\"https:\/\/centre-assal.ch\/wp-content\/uploads\/2025\/06\/Pierre-Clement-NAK_2300-scaled-e1750663793871.png\" class=\"attachment-full size-full wp-image-16689\" alt=\"\" srcset=\"https:\/\/centre-assal.ch\/wp-content\/uploads\/2025\/06\/Pierre-Clement-NAK_2300-scaled-e1750663793871.png 487w, https:\/\/centre-assal.ch\/wp-content\/uploads\/2025\/06\/Pierre-Clement-NAK_2300-scaled-e1750663793871-292x300.png 292w, https:\/\/centre-assal.ch\/wp-content\/uploads\/2025\/06\/Pierre-Clement-NAK_2300-scaled-e1750663793871-12x12.png 12w\" sizes=\"(max-width: 487px) 100vw, 487px\" \/>\t\t\t\t\t\t\t\t\t\t\t\t\t\t\t<\/div>\n\t\t\t\t<\/div>\n\t\t\t\t<\/div>\n\t\t<div class=\"elementor-element elementor-element-bfcbeed e-con-full e-flex e-con e-child\" data-id=\"bfcbeed\" data-element_type=\"container\" data-e-type=\"container\">\n\t\t\t\t<div class=\"elementor-element elementor-element-2edef17 elementor-widget elementor-widget-heading\" data-id=\"2edef17\" data-element_type=\"widget\" data-e-type=\"widget\" data-widget_type=\"heading.default\">\n\t\t\t\t<div class=\"elementor-widget-container\">\n\t\t\t\t\t<h4 class=\"elementor-heading-title elementor-size-default\">Pierre Clement<\/h4>\t\t\t\t<\/div>\n\t\t\t\t<\/div>\n\t\t\t\t<div class=\"elementor-element elementor-element-b2d3b84 elementor-widget elementor-widget-text-editor\" data-id=\"b2d3b84\" data-element_type=\"widget\" data-e-type=\"widget\" data-widget_type=\"text-editor.default\">\n\t\t\t\t<div class=\"elementor-widget-container\">\n\t\t\t\t\t\t\t\t\t<p class=\"team_titre_sous\">SP\u00c9CIALISTE EN PL\u00c2TRES ET CONTENTION ORTHOP\u00c9DIQUE<\/p>\n\t\t\t\t\t\t\t\t<\/div>\n\t\t\t\t<\/div>\n\t\t\t\t<\/div>\n\t\t\t\t<\/a>\n\t\t\t\t<\/div>\n\t\t\t\t<div data-elementor-type=\"loop-item\" data-elementor-id=\"6834\" class=\"elementor elementor-6834 e-loop-item e-loop-item-7210 post-7210 equipe type-equipe status-publish has-post-thumbnail hentry categorie_equipe-lequipe-de-soins\" data-elementor-post-type=\"elementor_library\" data-custom-edit-handle=\"1\">\n\t\t\t<a class=\"elementor-element elementor-element-fcc828d e-con-full e-flex e-con e-child\" data-id=\"fcc828d\" data-element_type=\"container\" data-e-type=\"container\" href=\"https:\/\/centre-assal.ch\/en\/equipe\/rachel-guillot\/\">\n\t\t<div class=\"elementor-element elementor-element-2fef4df e-con-full e-flex e-con e-child\" data-id=\"2fef4df\" data-element_type=\"container\" data-e-type=\"container\">\n\t\t\t\t<div class=\"elementor-element elementor-element-2909323 elementor-widget elementor-widget-theme-post-featured-image elementor-widget-image\" data-id=\"2909323\" data-element_type=\"widget\" data-e-type=\"widget\" data-widget_type=\"theme-post-featured-image.default\">\n\t\t\t\t<div class=\"elementor-widget-container\">\n\t\t\t\t\t\t\t\t\t\t\t\t\t\t\t<img loading=\"lazy\" decoding=\"async\" width=\"487\" height=\"500\" src=\"https:\/\/centre-assal.ch\/wp-content\/uploads\/2025\/06\/Rachel-Guillot-NAK_2176-scaled-e1750663758841.png\" class=\"attachment-full size-full wp-image-16690\" alt=\"\" srcset=\"https:\/\/centre-assal.ch\/wp-content\/uploads\/2025\/06\/Rachel-Guillot-NAK_2176-scaled-e1750663758841.png 487w, https:\/\/centre-assal.ch\/wp-content\/uploads\/2025\/06\/Rachel-Guillot-NAK_2176-scaled-e1750663758841-292x300.png 292w, https:\/\/centre-assal.ch\/wp-content\/uploads\/2025\/06\/Rachel-Guillot-NAK_2176-scaled-e1750663758841-12x12.png 12w\" sizes=\"(max-width: 487px) 100vw, 487px\" \/>\t\t\t\t\t\t\t\t\t\t\t\t\t\t\t<\/div>\n\t\t\t\t<\/div>\n\t\t\t\t<\/div>\n\t\t<div class=\"elementor-element elementor-element-bfcbeed e-con-full e-flex e-con e-child\" data-id=\"bfcbeed\" data-element_type=\"container\" data-e-type=\"container\">\n\t\t\t\t<div class=\"elementor-element elementor-element-2edef17 elementor-widget elementor-widget-heading\" data-id=\"2edef17\" data-element_type=\"widget\" data-e-type=\"widget\" data-widget_type=\"heading.default\">\n\t\t\t\t<div class=\"elementor-widget-container\">\n\t\t\t\t\t<h4 class=\"elementor-heading-title elementor-size-default\">Rachel Guillot<\/h4>\t\t\t\t<\/div>\n\t\t\t\t<\/div>\n\t\t\t\t<div class=\"elementor-element elementor-element-b2d3b84 elementor-widget elementor-widget-text-editor\" data-id=\"b2d3b84\" data-element_type=\"widget\" data-e-type=\"widget\" data-widget_type=\"text-editor.default\">\n\t\t\t\t<div class=\"elementor-widget-container\">\n\t\t\t\t\t\t\t\t\t<p class=\"team_titre_sous\">PODOTH\u00c9RAPEUTE<\/p>\n\t\t\t\t\t\t\t\t<\/div>\n\t\t\t\t<\/div>\n\t\t\t\t<\/div>\n\t\t\t\t<\/a>\n\t\t\t\t<\/div>\n\t\t\t\t<div data-elementor-type=\"loop-item\" data-elementor-id=\"6834\" class=\"elementor elementor-6834 e-loop-item e-loop-item-7212 post-7212 equipe type-equipe status-publish has-post-thumbnail hentry categorie_equipe-lequipe-de-soins\" data-elementor-post-type=\"elementor_library\" data-custom-edit-handle=\"1\">\n\t\t\t<a class=\"elementor-element elementor-element-fcc828d e-con-full e-flex e-con e-child\" data-id=\"fcc828d\" data-element_type=\"container\" data-e-type=\"container\" href=\"https:\/\/centre-assal.ch\/en\/equipe\/thomas-muller\/\">\n\t\t<div class=\"elementor-element elementor-element-2fef4df e-con-full e-flex e-con e-child\" data-id=\"2fef4df\" data-element_type=\"container\" data-e-type=\"container\">\n\t\t\t\t<div class=\"elementor-element elementor-element-2909323 elementor-widget elementor-widget-theme-post-featured-image elementor-widget-image\" data-id=\"2909323\" data-element_type=\"widget\" data-e-type=\"widget\" data-widget_type=\"theme-post-featured-image.default\">\n\t\t\t\t<div class=\"elementor-widget-container\">\n\t\t\t\t\t\t\t\t\t\t\t\t\t\t\t<img loading=\"lazy\" decoding=\"async\" width=\"487\" height=\"500\" src=\"https:\/\/centre-assal.ch\/wp-content\/uploads\/2025\/06\/Thomas-Muller-NAK_0886-scaled-e1750663326869.png\" class=\"attachment-full size-full wp-image-16695\" alt=\"\" srcset=\"https:\/\/centre-assal.ch\/wp-content\/uploads\/2025\/06\/Thomas-Muller-NAK_0886-scaled-e1750663326869.png 487w, https:\/\/centre-assal.ch\/wp-content\/uploads\/2025\/06\/Thomas-Muller-NAK_0886-scaled-e1750663326869-292x300.png 292w, https:\/\/centre-assal.ch\/wp-content\/uploads\/2025\/06\/Thomas-Muller-NAK_0886-scaled-e1750663326869-12x12.png 12w\" sizes=\"(max-width: 487px) 100vw, 487px\" \/>\t\t\t\t\t\t\t\t\t\t\t\t\t\t\t<\/div>\n\t\t\t\t<\/div>\n\t\t\t\t<\/div>\n\t\t<div class=\"elementor-element elementor-element-bfcbeed e-con-full e-flex e-con e-child\" data-id=\"bfcbeed\" data-element_type=\"container\" data-e-type=\"container\">\n\t\t\t\t<div class=\"elementor-element elementor-element-2edef17 elementor-widget elementor-widget-heading\" data-id=\"2edef17\" data-element_type=\"widget\" data-e-type=\"widget\" data-widget_type=\"heading.default\">\n\t\t\t\t<div class=\"elementor-widget-container\">\n\t\t\t\t\t<h4 class=\"elementor-heading-title elementor-size-default\">Thomas M\u00fcller<\/h4>\t\t\t\t<\/div>\n\t\t\t\t<\/div>\n\t\t\t\t<div class=\"elementor-element elementor-element-b2d3b84 elementor-widget elementor-widget-text-editor\" data-id=\"b2d3b84\" data-element_type=\"widget\" data-e-type=\"widget\" data-widget_type=\"text-editor.default\">\n\t\t\t\t<div class=\"elementor-widget-container\">\n\t\t\t\t\t\t\t\t\t<p class=\"team_titre_sous\">PODOLOGUE DIPL\u00d4M\u00c9<\/p>\n\t\t\t\t\t\t\t\t<\/div>\n\t\t\t\t<\/div>\n\t\t\t\t<\/div>\n\t\t\t\t<\/a>\n\t\t\t\t<\/div>\n\t\t\t\t<div data-elementor-type=\"loop-item\" data-elementor-id=\"6834\" class=\"elementor elementor-6834 e-loop-item e-loop-item-7214 post-7214 equipe type-equipe status-publish has-post-thumbnail hentry categorie_equipe-lequipe-de-soins\" data-elementor-post-type=\"elementor_library\" data-custom-edit-handle=\"1\">\n\t\t\t<a class=\"elementor-element elementor-element-fcc828d e-con-full e-flex e-con e-child\" data-id=\"fcc828d\" data-element_type=\"container\" data-e-type=\"container\" href=\"https:\/\/centre-assal.ch\/en\/equipe\/sophie-remy\/\">\n\t\t<div class=\"elementor-element elementor-element-2fef4df e-con-full e-flex e-con e-child\" data-id=\"2fef4df\" data-element_type=\"container\" data-e-type=\"container\">\n\t\t\t\t<div class=\"elementor-element elementor-element-2909323 elementor-widget elementor-widget-theme-post-featured-image elementor-widget-image\" data-id=\"2909323\" data-element_type=\"widget\" data-e-type=\"widget\" data-widget_type=\"theme-post-featured-image.default\">\n\t\t\t\t<div class=\"elementor-widget-container\">\n\t\t\t\t\t\t\t\t\t\t\t\t\t\t\t<img loading=\"lazy\" decoding=\"async\" width=\"487\" height=\"500\" src=\"https:\/\/centre-assal.ch\/wp-content\/uploads\/2025\/06\/Sophie-Remy-NAK_2538-scaled-e1750663463170.png\" class=\"attachment-full size-full wp-image-16694\" alt=\"\" srcset=\"https:\/\/centre-assal.ch\/wp-content\/uploads\/2025\/06\/Sophie-Remy-NAK_2538-scaled-e1750663463170.png 487w, https:\/\/centre-assal.ch\/wp-content\/uploads\/2025\/06\/Sophie-Remy-NAK_2538-scaled-e1750663463170-292x300.png 292w, https:\/\/centre-assal.ch\/wp-content\/uploads\/2025\/06\/Sophie-Remy-NAK_2538-scaled-e1750663463170-12x12.png 12w\" sizes=\"(max-width: 487px) 100vw, 487px\" \/>\t\t\t\t\t\t\t\t\t\t\t\t\t\t\t<\/div>\n\t\t\t\t<\/div>\n\t\t\t\t<\/div>\n\t\t<div class=\"elementor-element elementor-element-bfcbeed e-con-full e-flex e-con e-child\" data-id=\"bfcbeed\" data-element_type=\"container\" data-e-type=\"container\">\n\t\t\t\t<div class=\"elementor-element elementor-element-2edef17 elementor-widget elementor-widget-heading\" data-id=\"2edef17\" data-element_type=\"widget\" data-e-type=\"widget\" data-widget_type=\"heading.default\">\n\t\t\t\t<div class=\"elementor-widget-container\">\n\t\t\t\t\t<h4 class=\"elementor-heading-title elementor-size-default\">Sophie Remy<\/h4>\t\t\t\t<\/div>\n\t\t\t\t<\/div>\n\t\t\t\t<div class=\"elementor-element elementor-element-b2d3b84 elementor-widget elementor-widget-text-editor\" data-id=\"b2d3b84\" data-element_type=\"widget\" data-e-type=\"widget\" data-widget_type=\"text-editor.default\">\n\t\t\t\t<div class=\"elementor-widget-container\">\n\t\t\t\t\t\t\t\t\t<p class=\"team_titre_sous\">INFIRMI\u00c8RE SP\u00c9CIALISTE EN SOINS DE PLAIES ET CICATRISATION<\/p>\n\t\t\t\t\t\t\t\t<\/div>\n\t\t\t\t<\/div>\n\t\t\t\t<\/div>\n\t\t\t\t<\/a>\n\t\t\t\t<\/div>\n\t\t\t\t<div data-elementor-type=\"loop-item\" data-elementor-id=\"6834\" class=\"elementor elementor-6834 e-loop-item e-loop-item-18966 post-18966 equipe type-equipe status-publish has-post-thumbnail hentry categorie_equipe-lequipe-de-soins\" data-elementor-post-type=\"elementor_library\" data-custom-edit-handle=\"1\">\n\t\t\t<a class=\"elementor-element elementor-element-fcc828d e-con-full e-flex e-con e-child\" data-id=\"fcc828d\" data-element_type=\"container\" data-e-type=\"container\" href=\"https:\/\/centre-assal.ch\/en\/equipe\/mathieu-hauwel-phd-2\/\">\n\t\t<div class=\"elementor-element elementor-element-2fef4df e-con-full e-flex e-con e-child\" data-id=\"2fef4df\" data-element_type=\"container\" data-e-type=\"container\">\n\t\t\t\t<div class=\"elementor-element elementor-element-2909323 elementor-widget elementor-widget-theme-post-featured-image elementor-widget-image\" data-id=\"2909323\" data-element_type=\"widget\" data-e-type=\"widget\" data-widget_type=\"theme-post-featured-image.default\">\n\t\t\t\t<div class=\"elementor-widget-container\">\n\t\t\t\t\t\t\t\t\t\t\t\t\t\t\t<img loading=\"lazy\" decoding=\"async\" width=\"487\" height=\"500\" src=\"https:\/\/centre-assal.ch\/wp-content\/uploads\/2025\/06\/Mathieu-Hauwel-NAK_2302-scaled-e1750663938981.png\" class=\"attachment-full size-full wp-image-16709\" alt=\"\" srcset=\"https:\/\/centre-assal.ch\/wp-content\/uploads\/2025\/06\/Mathieu-Hauwel-NAK_2302-scaled-e1750663938981.png 487w, https:\/\/centre-assal.ch\/wp-content\/uploads\/2025\/06\/Mathieu-Hauwel-NAK_2302-scaled-e1750663938981-292x300.png 292w, https:\/\/centre-assal.ch\/wp-content\/uploads\/2025\/06\/Mathieu-Hauwel-NAK_2302-scaled-e1750663938981-12x12.png 12w\" sizes=\"(max-width: 487px) 100vw, 487px\" \/>\t\t\t\t\t\t\t\t\t\t\t\t\t\t\t<\/div>\n\t\t\t\t<\/div>\n\t\t\t\t<\/div>\n\t\t<div class=\"elementor-element elementor-element-bfcbeed e-con-full e-flex e-con e-child\" data-id=\"bfcbeed\" data-element_type=\"container\" data-e-type=\"container\">\n\t\t\t\t<div class=\"elementor-element elementor-element-2edef17 elementor-widget elementor-widget-heading\" data-id=\"2edef17\" data-element_type=\"widget\" data-e-type=\"widget\" data-widget_type=\"heading.default\">\n\t\t\t\t<div class=\"elementor-widget-container\">\n\t\t\t\t\t<h4 class=\"elementor-heading-title elementor-size-default\">Mathieu Hauwel, PhD<\/h4>\t\t\t\t<\/div>\n\t\t\t\t<\/div>\n\t\t\t\t<div class=\"elementor-element elementor-element-b2d3b84 elementor-widget elementor-widget-text-editor\" data-id=\"b2d3b84\" data-element_type=\"widget\" data-e-type=\"widget\" data-widget_type=\"text-editor.default\">\n\t\t\t\t<div class=\"elementor-widget-container\">\n\t\t\t\t\t\t\t\t\t<p>ASSISTANT M\u00c9DICAL DU PD DR MATHIEU ASSAL<\/p>\n\t\t\t\t\t\t\t\t<\/div>\n\t\t\t\t<\/div>\n\t\t\t\t<\/div>\n\t\t\t\t<\/a>\n\t\t\t\t<\/div>\n\t\t\t\t<\/div>\n\t\t\n\t\t\t\t\t\t<\/div>\n\t\t\t\t<\/div>\n\t\t\t\t\t<\/div>\n\t\t\t\t<\/div>\n\t\t<div class=\"elementor-element elementor-element-8c2a07d e-flex e-con-boxed e-con e-parent\" data-id=\"8c2a07d\" data-element_type=\"container\" data-e-type=\"container\" id=\"equipe-administrative\">\n\t\t\t\t\t<div class=\"e-con-inner\">\n\t\t\t\t<div class=\"elementor-element elementor-element-ac18ef8 elementor-widget elementor-widget-heading\" data-id=\"ac18ef8\" data-element_type=\"widget\" data-e-type=\"widget\" data-widget_type=\"heading.default\">\n\t\t\t\t<div class=\"elementor-widget-container\">\n\t\t\t\t\t<h2 class=\"elementor-heading-title elementor-size-default\">L\u2019\u00e9quipe administrative<\/h2>\t\t\t\t<\/div>\n\t\t\t\t<\/div>\n\t\t\t\t<div class=\"elementor-element elementor-element-deed79f elementor-widget-divider--view-line elementor-widget elementor-widget-divider\" data-id=\"deed79f\" data-element_type=\"widget\" data-e-type=\"widget\" data-widget_type=\"divider.default\">\n\t\t\t\t<div class=\"elementor-widget-container\">\n\t\t\t\t\t\t\t<div class=\"elementor-divider\">\n\t\t\t<span class=\"elementor-divider-separator\">\n\t\t\t\t\t\t<\/span>\n\t\t<\/div>\n\t\t\t\t\t\t<\/div>\n\t\t\t\t<\/div>\n\t\t\t\t\t<\/div>\n\t\t\t\t<\/div>\n\t\t<div class=\"elementor-element elementor-element-4117452 e-flex e-con-boxed e-con e-parent\" data-id=\"4117452\" data-element_type=\"container\" data-e-type=\"container\">\n\t\t\t\t\t<div class=\"e-con-inner\">\n\t\t\t\t<div class=\"elementor-element elementor-element-5db0fa3 elementor-grid-mobile-2 elementor-grid-3 elementor-grid-tablet-2 elementor-widget elementor-widget-loop-grid\" data-id=\"5db0fa3\" data-element_type=\"widget\" data-e-type=\"widget\" data-settings=\"{&quot;template_id&quot;:&quot;9301&quot;,&quot;row_gap&quot;:{&quot;unit&quot;:&quot;px&quot;,&quot;size&quot;:30,&quot;sizes&quot;:[]},&quot;row_gap_widescreen&quot;:{&quot;unit&quot;:&quot;px&quot;,&quot;size&quot;:30,&quot;sizes&quot;:[]},&quot;columns_mobile&quot;:2,&quot;row_gap_mobile&quot;:{&quot;unit&quot;:&quot;px&quot;,&quot;size&quot;:40,&quot;sizes&quot;:[]},&quot;_skin&quot;:&quot;post&quot;,&quot;columns&quot;:&quot;3&quot;,&quot;columns_tablet&quot;:&quot;2&quot;,&quot;edit_handle_selector&quot;:&quot;[data-elementor-type=\\&quot;loop-item\\&quot;]&quot;,&quot;row_gap_tablet&quot;:{&quot;unit&quot;:&quot;px&quot;,&quot;size&quot;:&quot;&quot;,&quot;sizes&quot;:[]}}\" data-widget_type=\"loop-grid.post\">\n\t\t\t\t<div class=\"elementor-widget-container\">\n\t\t\t\t\t\t\t<div class=\"elementor-loop-container elementor-grid\" role=\"list\">\n\t\t<style id=\"loop-9301\">.elementor-9301 .elementor-element.elementor-element-fcc828d{--display:flex;--padding-top:0px;--padding-bottom:0px;--padding-left:0px;--padding-right:0px;}.elementor-9301 .elementor-element.elementor-element-2fef4df{--display:flex;--padding-top:0px;--padding-bottom:0px;--padding-left:0px;--padding-right:0px;}.elementor-widget-image .widget-image-caption{color:var( --e-global-color-text );font-family:var( --e-global-typography-text-font-family ), Sans-serif;font-weight:var( --e-global-typography-text-font-weight );}.elementor-9301 .elementor-element.elementor-element-2be50fe{text-align:start;}.elementor-9301 .elementor-element.elementor-element-2be50fe img{width:100%;}.elementor-9301 .elementor-element.elementor-element-bfcbeed{--display:flex;--gap:010px 010px;--row-gap:010px;--column-gap:010px;--padding-top:0px;--padding-bottom:0px;--padding-left:0px;--padding-right:0px;}.elementor-widget-heading .elementor-heading-title{font-family:var( --e-global-typography-primary-font-family ), Sans-serif;font-weight:var( --e-global-typography-primary-font-weight );color:var( --e-global-color-primary );}.elementor-9301 .elementor-element.elementor-element-2edef17 .elementor-heading-title{font-family:\"Source Sans Pro\", Sans-serif;font-weight:600;}.elementor-widget-text-editor{font-family:var( --e-global-typography-text-font-family ), Sans-serif;font-weight:var( --e-global-typography-text-font-weight );color:var( --e-global-color-text );}.elementor-widget-text-editor.elementor-drop-cap-view-stacked .elementor-drop-cap{background-color:var( --e-global-color-primary );}.elementor-widget-text-editor.elementor-drop-cap-view-framed .elementor-drop-cap, .elementor-widget-text-editor.elementor-drop-cap-view-default .elementor-drop-cap{color:var( --e-global-color-primary );border-color:var( --e-global-color-primary );}.elementor-9301 .elementor-element.elementor-element-b2d3b84{font-family:\"Source Sans Pro\", Sans-serif;font-size:16px;font-weight:600;text-transform:uppercase;line-height:1.2em;color:var( --e-global-color-bd870b3 );}@media(max-width:1024px){.elementor-9301 .elementor-element.elementor-element-2fef4df{--align-items:flex-start;--container-widget-width:calc( ( 1 - var( --container-widget-flex-grow ) ) * 100% );}.elementor-9301 .elementor-element.elementor-element-b2d3b84{font-size:14px;}}@media(max-width:767px){.elementor-9301 .elementor-element.elementor-element-2edef17 .elementor-heading-title{font-size:16px;}.elementor-9301 .elementor-element.elementor-element-b2d3b84{font-size:14px;}}@media(min-width:1920px){.elementor-9301 .elementor-element.elementor-element-2be50fe{text-align:start;}.elementor-9301 .elementor-element.elementor-element-bfcbeed{--gap:15px 15px;--row-gap:15px;--column-gap:15px;}.elementor-9301 .elementor-element.elementor-element-2edef17 .elementor-heading-title{font-size:40px;}.elementor-9301 .elementor-element.elementor-element-b2d3b84{font-size:20px;line-height:1.4em;}}\/* Start custom CSS for container, class: .elementor-element-2fef4df *\/.elementor-9301 .elementor-element.elementor-element-2fef4df{\n    background-repeat: no-repeat!important;\n    background-size: cover!important;\n    background-position-x: center!important;\n}\n\n@media (max-width:767px) and (min-width:600px){\n    .elementor-9301 .elementor-element.elementor-element-2fef4df{\n        min-height: 275px;\n        background-position-y: 0px !important;\n    }\n}\/* End custom CSS *\/<\/style>\t\t<div data-elementor-type=\"loop-item\" data-elementor-id=\"9301\" class=\"elementor elementor-9301 e-loop-item e-loop-item-7218 post-7218 equipe type-equipe status-publish has-post-thumbnail hentry categorie_equipe-lequipe-administrative\" data-elementor-post-type=\"elementor_library\" data-custom-edit-handle=\"1\">\n\t\t\t<div class=\"elementor-element elementor-element-fcc828d e-con-full e-flex e-con e-child\" data-id=\"fcc828d\" data-element_type=\"container\" data-e-type=\"container\">\n\t\t<div class=\"elementor-element elementor-element-2fef4df e-con-full e-flex e-con e-child\" data-id=\"2fef4df\" data-element_type=\"container\" data-e-type=\"container\">\n\t\t\t\t<div class=\"elementor-element elementor-element-2be50fe elementor-widget elementor-widget-image\" data-id=\"2be50fe\" data-element_type=\"widget\" data-e-type=\"widget\" data-widget_type=\"image.default\">\n\t\t\t\t<div class=\"elementor-widget-container\">\n\t\t\t\t\t\t\t\t\t\t\t\t\t\t\t<img loading=\"lazy\" decoding=\"async\" width=\"487\" height=\"500\" src=\"https:\/\/centre-assal.ch\/wp-content\/uploads\/2025\/06\/Anne-Lise-Anthoine-NAK_2371-scaled-e1750664234123.png\" class=\"attachment-full size-full wp-image-16697\" alt=\"\" srcset=\"https:\/\/centre-assal.ch\/wp-content\/uploads\/2025\/06\/Anne-Lise-Anthoine-NAK_2371-scaled-e1750664234123.png 487w, https:\/\/centre-assal.ch\/wp-content\/uploads\/2025\/06\/Anne-Lise-Anthoine-NAK_2371-scaled-e1750664234123-292x300.png 292w, https:\/\/centre-assal.ch\/wp-content\/uploads\/2025\/06\/Anne-Lise-Anthoine-NAK_2371-scaled-e1750664234123-12x12.png 12w\" sizes=\"(max-width: 487px) 100vw, 487px\" \/>\t\t\t\t\t\t\t\t\t\t\t\t\t\t\t<\/div>\n\t\t\t\t<\/div>\n\t\t\t\t<\/div>\n\t\t<div class=\"elementor-element elementor-element-bfcbeed e-con-full e-flex e-con e-child\" data-id=\"bfcbeed\" data-element_type=\"container\" data-e-type=\"container\">\n\t\t\t\t<div class=\"elementor-element elementor-element-2edef17 elementor-widget elementor-widget-heading\" data-id=\"2edef17\" data-element_type=\"widget\" data-e-type=\"widget\" data-widget_type=\"heading.default\">\n\t\t\t\t<div class=\"elementor-widget-container\">\n\t\t\t\t\t<h4 class=\"elementor-heading-title elementor-size-default\">Anne-Lise  Anthoine<\/h4>\t\t\t\t<\/div>\n\t\t\t\t<\/div>\n\t\t\t\t<div class=\"elementor-element elementor-element-b2d3b84 elementor-widget elementor-widget-text-editor\" data-id=\"b2d3b84\" data-element_type=\"widget\" data-e-type=\"widget\" data-widget_type=\"text-editor.default\">\n\t\t\t\t<div class=\"elementor-widget-container\">\n\t\t\t\t\t\t\t\t\t<p>PROJECT MANAGER JUNIOR, RESPONSABLE DES ASSURANCES<\/p>\n\t\t\t\t\t\t\t\t<\/div>\n\t\t\t\t<\/div>\n\t\t\t\t<\/div>\n\t\t\t\t<\/div>\n\t\t\t\t<\/div>\n\t\t\t\t<div data-elementor-type=\"loop-item\" data-elementor-id=\"9301\" class=\"elementor elementor-9301 e-loop-item e-loop-item-7231 post-7231 equipe type-equipe status-publish has-post-thumbnail hentry categorie_equipe-lequipe-administrative\" data-elementor-post-type=\"elementor_library\" data-custom-edit-handle=\"1\">\n\t\t\t<div class=\"elementor-element elementor-element-fcc828d e-con-full e-flex e-con e-child\" data-id=\"fcc828d\" data-element_type=\"container\" data-e-type=\"container\">\n\t\t<div class=\"elementor-element elementor-element-2fef4df e-con-full e-flex e-con e-child\" data-id=\"2fef4df\" data-element_type=\"container\" data-e-type=\"container\">\n\t\t\t\t<div class=\"elementor-element elementor-element-2be50fe elementor-widget elementor-widget-image\" data-id=\"2be50fe\" data-element_type=\"widget\" data-e-type=\"widget\" data-widget_type=\"image.default\">\n\t\t\t\t<div class=\"elementor-widget-container\">\n\t\t\t\t\t\t\t\t\t\t\t\t\t\t\t<img loading=\"lazy\" decoding=\"async\" width=\"487\" height=\"500\" src=\"https:\/\/centre-assal.ch\/wp-content\/uploads\/2025\/06\/Cynthia-Bret-NAK_2462-scaled-e1750664102188.png\" class=\"attachment-full size-full wp-image-16702\" alt=\"\" srcset=\"https:\/\/centre-assal.ch\/wp-content\/uploads\/2025\/06\/Cynthia-Bret-NAK_2462-scaled-e1750664102188.png 487w, https:\/\/centre-assal.ch\/wp-content\/uploads\/2025\/06\/Cynthia-Bret-NAK_2462-scaled-e1750664102188-292x300.png 292w, https:\/\/centre-assal.ch\/wp-content\/uploads\/2025\/06\/Cynthia-Bret-NAK_2462-scaled-e1750664102188-12x12.png 12w\" sizes=\"(max-width: 487px) 100vw, 487px\" \/>\t\t\t\t\t\t\t\t\t\t\t\t\t\t\t<\/div>\n\t\t\t\t<\/div>\n\t\t\t\t<\/div>\n\t\t<div class=\"elementor-element elementor-element-bfcbeed e-con-full e-flex e-con e-child\" data-id=\"bfcbeed\" data-element_type=\"container\" data-e-type=\"container\">\n\t\t\t\t<div class=\"elementor-element elementor-element-2edef17 elementor-widget elementor-widget-heading\" data-id=\"2edef17\" data-element_type=\"widget\" data-e-type=\"widget\" data-widget_type=\"heading.default\">\n\t\t\t\t<div class=\"elementor-widget-container\">\n\t\t\t\t\t<h4 class=\"elementor-heading-title elementor-size-default\">Cynthia Bret<\/h4>\t\t\t\t<\/div>\n\t\t\t\t<\/div>\n\t\t\t\t<div class=\"elementor-element elementor-element-b2d3b84 elementor-widget elementor-widget-text-editor\" data-id=\"b2d3b84\" data-element_type=\"widget\" data-e-type=\"widget\" data-widget_type=\"text-editor.default\">\n\t\t\t\t<div class=\"elementor-widget-container\">\n\t\t\t\t\t\t\t\t\t<p>SECR\u00c9TAIRE M\u00c9DICALE, COORDINATRICE DES ACTIVITES CHIRURGICALES<\/p>\n\t\t\t\t\t\t\t\t<\/div>\n\t\t\t\t<\/div>\n\t\t\t\t<\/div>\n\t\t\t\t<\/div>\n\t\t\t\t<\/div>\n\t\t\t\t<div data-elementor-type=\"loop-item\" data-elementor-id=\"9301\" class=\"elementor elementor-9301 e-loop-item e-loop-item-7233 post-7233 equipe type-equipe status-publish has-post-thumbnail hentry categorie_equipe-lequipe-administrative\" data-elementor-post-type=\"elementor_library\" data-custom-edit-handle=\"1\">\n\t\t\t<div class=\"elementor-element elementor-element-fcc828d e-con-full e-flex e-con e-child\" data-id=\"fcc828d\" data-element_type=\"container\" data-e-type=\"container\">\n\t\t<div class=\"elementor-element elementor-element-2fef4df e-con-full e-flex e-con e-child\" data-id=\"2fef4df\" data-element_type=\"container\" data-e-type=\"container\">\n\t\t\t\t<div class=\"elementor-element elementor-element-2be50fe elementor-widget elementor-widget-image\" data-id=\"2be50fe\" data-element_type=\"widget\" data-e-type=\"widget\" data-widget_type=\"image.default\">\n\t\t\t\t<div class=\"elementor-widget-container\">\n\t\t\t\t\t\t\t\t\t\t\t\t\t\t\t<img loading=\"lazy\" decoding=\"async\" width=\"487\" height=\"500\" src=\"https:\/\/centre-assal.ch\/wp-content\/uploads\/2025\/06\/Roseline-NAK_2285-scaled-e1750663742333.png\" class=\"attachment-full size-full wp-image-16691\" alt=\"\" srcset=\"https:\/\/centre-assal.ch\/wp-content\/uploads\/2025\/06\/Roseline-NAK_2285-scaled-e1750663742333.png 487w, https:\/\/centre-assal.ch\/wp-content\/uploads\/2025\/06\/Roseline-NAK_2285-scaled-e1750663742333-292x300.png 292w, https:\/\/centre-assal.ch\/wp-content\/uploads\/2025\/06\/Roseline-NAK_2285-scaled-e1750663742333-12x12.png 12w\" sizes=\"(max-width: 487px) 100vw, 487px\" \/>\t\t\t\t\t\t\t\t\t\t\t\t\t\t\t<\/div>\n\t\t\t\t<\/div>\n\t\t\t\t<\/div>\n\t\t<div class=\"elementor-element elementor-element-bfcbeed e-con-full e-flex e-con e-child\" data-id=\"bfcbeed\" data-element_type=\"container\" data-e-type=\"container\">\n\t\t\t\t<div class=\"elementor-element elementor-element-2edef17 elementor-widget elementor-widget-heading\" data-id=\"2edef17\" data-element_type=\"widget\" data-e-type=\"widget\" data-widget_type=\"heading.default\">\n\t\t\t\t<div class=\"elementor-widget-container\">\n\t\t\t\t\t<h4 class=\"elementor-heading-title elementor-size-default\">Roseline Bruckner<\/h4>\t\t\t\t<\/div>\n\t\t\t\t<\/div>\n\t\t\t\t<div class=\"elementor-element elementor-element-b2d3b84 elementor-widget elementor-widget-text-editor\" data-id=\"b2d3b84\" data-element_type=\"widget\" data-e-type=\"widget\" data-widget_type=\"text-editor.default\">\n\t\t\t\t<div class=\"elementor-widget-container\">\n\t\t\t\t\t\t\t\t\t<p>SECR\u00c9TAIRE M\u00c9DICALE, RESPONSABLE DES ACTIVITES CHIRURGICALES<\/p>\n\t\t\t\t\t\t\t\t<\/div>\n\t\t\t\t<\/div>\n\t\t\t\t<\/div>\n\t\t\t\t<\/div>\n\t\t\t\t<\/div>\n\t\t\t\t<div data-elementor-type=\"loop-item\" data-elementor-id=\"9301\" class=\"elementor elementor-9301 e-loop-item e-loop-item-7234 post-7234 equipe type-equipe status-publish has-post-thumbnail hentry categorie_equipe-lequipe-administrative\" data-elementor-post-type=\"elementor_library\" data-custom-edit-handle=\"1\">\n\t\t\t<div class=\"elementor-element elementor-element-fcc828d e-con-full e-flex e-con e-child\" data-id=\"fcc828d\" data-element_type=\"container\" data-e-type=\"container\">\n\t\t<div class=\"elementor-element elementor-element-2fef4df e-con-full e-flex e-con e-child\" data-id=\"2fef4df\" data-element_type=\"container\" data-e-type=\"container\">\n\t\t\t\t<div class=\"elementor-element elementor-element-2be50fe elementor-widget elementor-widget-image\" data-id=\"2be50fe\" data-element_type=\"widget\" data-e-type=\"widget\" data-widget_type=\"image.default\">\n\t\t\t\t<div class=\"elementor-widget-container\">\n\t\t\t\t\t\t\t\t\t\t\t\t\t\t\t<img loading=\"lazy\" decoding=\"async\" width=\"487\" height=\"500\" src=\"https:\/\/centre-assal.ch\/wp-content\/uploads\/2025\/06\/Sara-Claro-NAK_2290-scaled-e1750663717537.png\" class=\"attachment-full size-full wp-image-16692\" alt=\"\" srcset=\"https:\/\/centre-assal.ch\/wp-content\/uploads\/2025\/06\/Sara-Claro-NAK_2290-scaled-e1750663717537.png 487w, https:\/\/centre-assal.ch\/wp-content\/uploads\/2025\/06\/Sara-Claro-NAK_2290-scaled-e1750663717537-292x300.png 292w, https:\/\/centre-assal.ch\/wp-content\/uploads\/2025\/06\/Sara-Claro-NAK_2290-scaled-e1750663717537-12x12.png 12w\" sizes=\"(max-width: 487px) 100vw, 487px\" \/>\t\t\t\t\t\t\t\t\t\t\t\t\t\t\t<\/div>\n\t\t\t\t<\/div>\n\t\t\t\t<\/div>\n\t\t<div class=\"elementor-element elementor-element-bfcbeed e-con-full e-flex e-con e-child\" data-id=\"bfcbeed\" data-element_type=\"container\" data-e-type=\"container\">\n\t\t\t\t<div class=\"elementor-element elementor-element-2edef17 elementor-widget elementor-widget-heading\" data-id=\"2edef17\" data-element_type=\"widget\" data-e-type=\"widget\" data-widget_type=\"heading.default\">\n\t\t\t\t<div class=\"elementor-widget-container\">\n\t\t\t\t\t<h4 class=\"elementor-heading-title elementor-size-default\">Sara Claro<\/h4>\t\t\t\t<\/div>\n\t\t\t\t<\/div>\n\t\t\t\t<div class=\"elementor-element elementor-element-b2d3b84 elementor-widget elementor-widget-text-editor\" data-id=\"b2d3b84\" data-element_type=\"widget\" data-e-type=\"widget\" data-widget_type=\"text-editor.default\">\n\t\t\t\t<div class=\"elementor-widget-container\">\n\t\t\t\t\t\t\t\t\t<p>Responsable facturation et d\u00e9biteurs<\/p>\n\t\t\t\t\t\t\t\t<\/div>\n\t\t\t\t<\/div>\n\t\t\t\t<\/div>\n\t\t\t\t<\/div>\n\t\t\t\t<\/div>\n\t\t\t\t<div data-elementor-type=\"loop-item\" data-elementor-id=\"9301\" class=\"elementor elementor-9301 e-loop-item e-loop-item-7235 post-7235 equipe type-equipe status-publish has-post-thumbnail hentry categorie_equipe-lequipe-administrative\" data-elementor-post-type=\"elementor_library\" data-custom-edit-handle=\"1\">\n\t\t\t<div class=\"elementor-element elementor-element-fcc828d e-con-full e-flex e-con e-child\" data-id=\"fcc828d\" data-element_type=\"container\" data-e-type=\"container\">\n\t\t<div class=\"elementor-element elementor-element-2fef4df e-con-full e-flex e-con e-child\" data-id=\"2fef4df\" data-element_type=\"container\" data-e-type=\"container\">\n\t\t\t\t<div class=\"elementor-element elementor-element-2be50fe elementor-widget elementor-widget-image\" data-id=\"2be50fe\" data-element_type=\"widget\" data-e-type=\"widget\" data-widget_type=\"image.default\">\n\t\t\t\t<div class=\"elementor-widget-container\">\n\t\t\t\t\t\t\t\t\t\t\t\t\t\t\t<img loading=\"lazy\" decoding=\"async\" width=\"487\" height=\"500\" src=\"https:\/\/centre-assal.ch\/wp-content\/uploads\/2025\/06\/Ahlam-El-Mokhlis-e1750664246744.png\" class=\"attachment-full size-full wp-image-16696\" alt=\"\" srcset=\"https:\/\/centre-assal.ch\/wp-content\/uploads\/2025\/06\/Ahlam-El-Mokhlis-e1750664246744.png 487w, https:\/\/centre-assal.ch\/wp-content\/uploads\/2025\/06\/Ahlam-El-Mokhlis-e1750664246744-292x300.png 292w, https:\/\/centre-assal.ch\/wp-content\/uploads\/2025\/06\/Ahlam-El-Mokhlis-e1750664246744-12x12.png 12w\" sizes=\"(max-width: 487px) 100vw, 487px\" \/>\t\t\t\t\t\t\t\t\t\t\t\t\t\t\t<\/div>\n\t\t\t\t<\/div>\n\t\t\t\t<\/div>\n\t\t<div class=\"elementor-element elementor-element-bfcbeed e-con-full e-flex e-con e-child\" data-id=\"bfcbeed\" data-element_type=\"container\" data-e-type=\"container\">\n\t\t\t\t<div class=\"elementor-element elementor-element-2edef17 elementor-widget elementor-widget-heading\" data-id=\"2edef17\" data-element_type=\"widget\" data-e-type=\"widget\" data-widget_type=\"heading.default\">\n\t\t\t\t<div class=\"elementor-widget-container\">\n\t\t\t\t\t<h4 class=\"elementor-heading-title elementor-size-default\">Ahlam El Mokhlis<\/h4>\t\t\t\t<\/div>\n\t\t\t\t<\/div>\n\t\t\t\t<div class=\"elementor-element elementor-element-b2d3b84 elementor-widget elementor-widget-text-editor\" data-id=\"b2d3b84\" data-element_type=\"widget\" data-e-type=\"widget\" data-widget_type=\"text-editor.default\">\n\t\t\t\t<div class=\"elementor-widget-container\">\n\t\t\t\t\t\t\t\t\t<p>SECR\u00c9TAIRE M\u00c9DICALE<\/p>\n\t\t\t\t\t\t\t\t<\/div>\n\t\t\t\t<\/div>\n\t\t\t\t<\/div>\n\t\t\t\t<\/div>\n\t\t\t\t<\/div>\n\t\t\t\t<div data-elementor-type=\"loop-item\" data-elementor-id=\"9301\" class=\"elementor elementor-9301 e-loop-item e-loop-item-7237 post-7237 equipe type-equipe status-publish has-post-thumbnail hentry categorie_equipe-lequipe-administrative\" data-elementor-post-type=\"elementor_library\" data-custom-edit-handle=\"1\">\n\t\t\t<div class=\"elementor-element elementor-element-fcc828d e-con-full e-flex e-con e-child\" data-id=\"fcc828d\" data-element_type=\"container\" data-e-type=\"container\">\n\t\t<div class=\"elementor-element elementor-element-2fef4df e-con-full e-flex e-con e-child\" data-id=\"2fef4df\" data-element_type=\"container\" data-e-type=\"container\">\n\t\t\t\t<div class=\"elementor-element elementor-element-2be50fe elementor-widget elementor-widget-image\" data-id=\"2be50fe\" data-element_type=\"widget\" data-e-type=\"widget\" data-widget_type=\"image.default\">\n\t\t\t\t<div class=\"elementor-widget-container\">\n\t\t\t\t\t\t\t\t\t\t\t\t\t\t\t<img loading=\"lazy\" decoding=\"async\" width=\"487\" height=\"500\" src=\"https:\/\/centre-assal.ch\/wp-content\/uploads\/2025\/04\/Natacha-Moniez-NAK_2724-scaled-e17506638884021.png\" class=\"attachment-full size-full wp-image-16714\" alt=\"\" srcset=\"https:\/\/centre-assal.ch\/wp-content\/uploads\/2025\/04\/Natacha-Moniez-NAK_2724-scaled-e17506638884021.png 487w, https:\/\/centre-assal.ch\/wp-content\/uploads\/2025\/04\/Natacha-Moniez-NAK_2724-scaled-e17506638884021-292x300.png 292w, https:\/\/centre-assal.ch\/wp-content\/uploads\/2025\/04\/Natacha-Moniez-NAK_2724-scaled-e17506638884021-12x12.png 12w\" sizes=\"(max-width: 487px) 100vw, 487px\" \/>\t\t\t\t\t\t\t\t\t\t\t\t\t\t\t<\/div>\n\t\t\t\t<\/div>\n\t\t\t\t<\/div>\n\t\t<div class=\"elementor-element elementor-element-bfcbeed e-con-full e-flex e-con e-child\" data-id=\"bfcbeed\" data-element_type=\"container\" data-e-type=\"container\">\n\t\t\t\t<div class=\"elementor-element elementor-element-2edef17 elementor-widget elementor-widget-heading\" data-id=\"2edef17\" data-element_type=\"widget\" data-e-type=\"widget\" data-widget_type=\"heading.default\">\n\t\t\t\t<div class=\"elementor-widget-container\">\n\t\t\t\t\t<h4 class=\"elementor-heading-title elementor-size-default\">Natacha Moniez<\/h4>\t\t\t\t<\/div>\n\t\t\t\t<\/div>\n\t\t\t\t<div class=\"elementor-element elementor-element-b2d3b84 elementor-widget elementor-widget-text-editor\" data-id=\"b2d3b84\" data-element_type=\"widget\" data-e-type=\"widget\" data-widget_type=\"text-editor.default\">\n\t\t\t\t<div class=\"elementor-widget-container\">\n\t\t\t\t\t\t\t\t\t<p>GESTIONNAIRE RH<\/p>\n<p>RESPONSABLE DES ASSURANCES<\/p>\n<p>&nbsp;<\/p>\n\t\t\t\t\t\t\t\t<\/div>\n\t\t\t\t<\/div>\n\t\t\t\t<\/div>\n\t\t\t\t<\/div>\n\t\t\t\t<\/div>\n\t\t\t\t<div data-elementor-type=\"loop-item\" data-elementor-id=\"9301\" class=\"elementor elementor-9301 e-loop-item e-loop-item-7238 post-7238 equipe type-equipe status-publish has-post-thumbnail hentry categorie_equipe-lequipe-administrative\" data-elementor-post-type=\"elementor_library\" data-custom-edit-handle=\"1\">\n\t\t\t<div class=\"elementor-element elementor-element-fcc828d e-con-full e-flex e-con e-child\" data-id=\"fcc828d\" data-element_type=\"container\" data-e-type=\"container\">\n\t\t<div class=\"elementor-element elementor-element-2fef4df e-con-full e-flex e-con e-child\" data-id=\"2fef4df\" data-element_type=\"container\" data-e-type=\"container\">\n\t\t\t\t<div class=\"elementor-element elementor-element-2be50fe elementor-widget elementor-widget-image\" data-id=\"2be50fe\" data-element_type=\"widget\" data-e-type=\"widget\" data-widget_type=\"image.default\">\n\t\t\t\t<div class=\"elementor-widget-container\">\n\t\t\t\t\t\t\t\t\t\t\t\t\t\t\t<img loading=\"lazy\" decoding=\"async\" width=\"487\" height=\"500\" src=\"https:\/\/centre-assal.ch\/wp-content\/uploads\/2025\/06\/Catherine-Neri-NAK_2584-scaled-e1750664147305.png\" class=\"attachment-full size-full wp-image-16700\" alt=\"\" srcset=\"https:\/\/centre-assal.ch\/wp-content\/uploads\/2025\/06\/Catherine-Neri-NAK_2584-scaled-e1750664147305.png 487w, https:\/\/centre-assal.ch\/wp-content\/uploads\/2025\/06\/Catherine-Neri-NAK_2584-scaled-e1750664147305-292x300.png 292w, https:\/\/centre-assal.ch\/wp-content\/uploads\/2025\/06\/Catherine-Neri-NAK_2584-scaled-e1750664147305-12x12.png 12w\" sizes=\"(max-width: 487px) 100vw, 487px\" \/>\t\t\t\t\t\t\t\t\t\t\t\t\t\t\t<\/div>\n\t\t\t\t<\/div>\n\t\t\t\t<\/div>\n\t\t<div class=\"elementor-element elementor-element-bfcbeed e-con-full e-flex e-con e-child\" data-id=\"bfcbeed\" data-element_type=\"container\" data-e-type=\"container\">\n\t\t\t\t<div class=\"elementor-element elementor-element-2edef17 elementor-widget elementor-widget-heading\" data-id=\"2edef17\" data-element_type=\"widget\" data-e-type=\"widget\" data-widget_type=\"heading.default\">\n\t\t\t\t<div class=\"elementor-widget-container\">\n\t\t\t\t\t<h4 class=\"elementor-heading-title elementor-size-default\">Catherine Neri<\/h4>\t\t\t\t<\/div>\n\t\t\t\t<\/div>\n\t\t\t\t<div class=\"elementor-element elementor-element-b2d3b84 elementor-widget elementor-widget-text-editor\" data-id=\"b2d3b84\" data-element_type=\"widget\" data-e-type=\"widget\" data-widget_type=\"text-editor.default\">\n\t\t\t\t<div class=\"elementor-widget-container\">\n\t\t\t\t\t\t\t\t\t<p>RESPONSABLE FACTURATION ET D\u00c9BITEURS PRIV\u00c9S,<br \/>\nASSISTANTE DU CEO<\/p>\n\t\t\t\t\t\t\t\t<\/div>\n\t\t\t\t<\/div>\n\t\t\t\t<\/div>\n\t\t\t\t<\/div>\n\t\t\t\t<\/div>\n\t\t\t\t<div data-elementor-type=\"loop-item\" data-elementor-id=\"9301\" class=\"elementor elementor-9301 e-loop-item e-loop-item-7241 post-7241 equipe type-equipe status-publish has-post-thumbnail hentry categorie_equipe-lequipe-administrative\" data-elementor-post-type=\"elementor_library\" data-custom-edit-handle=\"1\">\n\t\t\t<div class=\"elementor-element elementor-element-fcc828d e-con-full e-flex e-con e-child\" data-id=\"fcc828d\" data-element_type=\"container\" data-e-type=\"container\">\n\t\t<div class=\"elementor-element elementor-element-2fef4df e-con-full e-flex e-con e-child\" data-id=\"2fef4df\" data-element_type=\"container\" data-e-type=\"container\">\n\t\t\t\t<div class=\"elementor-element elementor-element-2be50fe elementor-widget elementor-widget-image\" data-id=\"2be50fe\" data-element_type=\"widget\" data-e-type=\"widget\" data-widget_type=\"image.default\">\n\t\t\t\t<div class=\"elementor-widget-container\">\n\t\t\t\t\t\t\t\t\t\t\t\t\t\t\t<img loading=\"lazy\" decoding=\"async\" width=\"487\" height=\"500\" src=\"https:\/\/centre-assal.ch\/wp-content\/uploads\/2025\/06\/H\u251c\u00ael\u251c\u00bfne-Sauterel-NAK_2678-scaled-e1750664062217.png\" class=\"attachment-full size-full wp-image-16706\" alt=\"\" srcset=\"https:\/\/centre-assal.ch\/wp-content\/uploads\/2025\/06\/H\u251c\u00ael\u251c\u00bfne-Sauterel-NAK_2678-scaled-e1750664062217.png 487w, https:\/\/centre-assal.ch\/wp-content\/uploads\/2025\/06\/H\u251c\u00ael\u251c\u00bfne-Sauterel-NAK_2678-scaled-e1750664062217-292x300.png 292w, https:\/\/centre-assal.ch\/wp-content\/uploads\/2025\/06\/H\u251c\u00ael\u251c\u00bfne-Sauterel-NAK_2678-scaled-e1750664062217-12x12.png 12w\" sizes=\"(max-width: 487px) 100vw, 487px\" \/>\t\t\t\t\t\t\t\t\t\t\t\t\t\t\t<\/div>\n\t\t\t\t<\/div>\n\t\t\t\t<\/div>\n\t\t<div class=\"elementor-element elementor-element-bfcbeed e-con-full e-flex e-con e-child\" data-id=\"bfcbeed\" data-element_type=\"container\" data-e-type=\"container\">\n\t\t\t\t<div class=\"elementor-element elementor-element-2edef17 elementor-widget elementor-widget-heading\" data-id=\"2edef17\" data-element_type=\"widget\" data-e-type=\"widget\" data-widget_type=\"heading.default\">\n\t\t\t\t<div class=\"elementor-widget-container\">\n\t\t\t\t\t<h4 class=\"elementor-heading-title elementor-size-default\">H\u00e9l\u00e8ne Sauterel<\/h4>\t\t\t\t<\/div>\n\t\t\t\t<\/div>\n\t\t\t\t<div class=\"elementor-element elementor-element-b2d3b84 elementor-widget elementor-widget-text-editor\" data-id=\"b2d3b84\" data-element_type=\"widget\" data-e-type=\"widget\" data-widget_type=\"text-editor.default\">\n\t\t\t\t<div class=\"elementor-widget-container\">\n\t\t\t\t\t\t\t\t\t<p>Assistante du CEO, Responsable qualit\u00e9, Responsable de la facturation des chirurgies<\/p>\n\t\t\t\t\t\t\t\t<\/div>\n\t\t\t\t<\/div>\n\t\t\t\t<\/div>\n\t\t\t\t<\/div>\n\t\t\t\t<\/div>\n\t\t\t\t<div data-elementor-type=\"loop-item\" data-elementor-id=\"9301\" class=\"elementor elementor-9301 e-loop-item e-loop-item-7242 post-7242 equipe type-equipe status-publish has-post-thumbnail hentry categorie_equipe-lequipe-administrative\" data-elementor-post-type=\"elementor_library\" data-custom-edit-handle=\"1\">\n\t\t\t<div class=\"elementor-element elementor-element-fcc828d e-con-full e-flex e-con e-child\" data-id=\"fcc828d\" data-element_type=\"container\" data-e-type=\"container\">\n\t\t<div class=\"elementor-element elementor-element-2fef4df e-con-full e-flex e-con e-child\" data-id=\"2fef4df\" data-element_type=\"container\" data-e-type=\"container\">\n\t\t\t\t<div class=\"elementor-element elementor-element-2be50fe elementor-widget elementor-widget-image\" data-id=\"2be50fe\" data-element_type=\"widget\" data-e-type=\"widget\" data-widget_type=\"image.default\">\n\t\t\t\t<div class=\"elementor-widget-container\">\n\t\t\t\t\t\t\t\t\t\t\t\t\t\t\t<img loading=\"lazy\" decoding=\"async\" width=\"487\" height=\"500\" src=\"https:\/\/centre-assal.ch\/wp-content\/uploads\/2025\/06\/Ghislaine-Sendabad-NAK_2323-scaled-e1750664091363.png\" class=\"attachment-full size-full wp-image-16704\" alt=\"\" srcset=\"https:\/\/centre-assal.ch\/wp-content\/uploads\/2025\/06\/Ghislaine-Sendabad-NAK_2323-scaled-e1750664091363.png 487w, https:\/\/centre-assal.ch\/wp-content\/uploads\/2025\/06\/Ghislaine-Sendabad-NAK_2323-scaled-e1750664091363-292x300.png 292w, https:\/\/centre-assal.ch\/wp-content\/uploads\/2025\/06\/Ghislaine-Sendabad-NAK_2323-scaled-e1750664091363-12x12.png 12w\" sizes=\"(max-width: 487px) 100vw, 487px\" \/>\t\t\t\t\t\t\t\t\t\t\t\t\t\t\t<\/div>\n\t\t\t\t<\/div>\n\t\t\t\t<\/div>\n\t\t<div class=\"elementor-element elementor-element-bfcbeed e-con-full e-flex e-con e-child\" data-id=\"bfcbeed\" data-element_type=\"container\" data-e-type=\"container\">\n\t\t\t\t<div class=\"elementor-element elementor-element-2edef17 elementor-widget elementor-widget-heading\" data-id=\"2edef17\" data-element_type=\"widget\" data-e-type=\"widget\" data-widget_type=\"heading.default\">\n\t\t\t\t<div class=\"elementor-widget-container\">\n\t\t\t\t\t<h4 class=\"elementor-heading-title elementor-size-default\">Ghislaine Sendabad<\/h4>\t\t\t\t<\/div>\n\t\t\t\t<\/div>\n\t\t\t\t<div class=\"elementor-element elementor-element-b2d3b84 elementor-widget elementor-widget-text-editor\" data-id=\"b2d3b84\" data-element_type=\"widget\" data-e-type=\"widget\" data-widget_type=\"text-editor.default\">\n\t\t\t\t<div class=\"elementor-widget-container\">\n\t\t\t\t\t\t\t\t\t<p>SECR\u00c9TAIRE M\u00c9DICALE<\/p>\n\t\t\t\t\t\t\t\t<\/div>\n\t\t\t\t<\/div>\n\t\t\t\t<\/div>\n\t\t\t\t<\/div>\n\t\t\t\t<\/div>\n\t\t\t\t<div data-elementor-type=\"loop-item\" data-elementor-id=\"9301\" class=\"elementor elementor-9301 e-loop-item e-loop-item-7243 post-7243 equipe type-equipe status-publish has-post-thumbnail hentry categorie_equipe-lequipe-administrative\" data-elementor-post-type=\"elementor_library\" data-custom-edit-handle=\"1\">\n\t\t\t<div class=\"elementor-element elementor-element-fcc828d e-con-full e-flex e-con e-child\" data-id=\"fcc828d\" data-element_type=\"container\" data-e-type=\"container\">\n\t\t<div class=\"elementor-element elementor-element-2fef4df e-con-full e-flex e-con e-child\" data-id=\"2fef4df\" data-element_type=\"container\" data-e-type=\"container\">\n\t\t\t\t<div class=\"elementor-element elementor-element-2be50fe elementor-widget elementor-widget-image\" data-id=\"2be50fe\" data-element_type=\"widget\" data-e-type=\"widget\" data-widget_type=\"image.default\">\n\t\t\t\t<div class=\"elementor-widget-container\">\n\t\t\t\t\t\t\t\t\t\t\t\t\t\t\t<img loading=\"lazy\" decoding=\"async\" width=\"487\" height=\"500\" src=\"https:\/\/centre-assal.ch\/wp-content\/uploads\/2025\/06\/Pierre-Alexandre-Vogt-NAK_2398-scaled-e1750663775929.png\" class=\"attachment-full size-full wp-image-16688\" alt=\"\" srcset=\"https:\/\/centre-assal.ch\/wp-content\/uploads\/2025\/06\/Pierre-Alexandre-Vogt-NAK_2398-scaled-e1750663775929.png 487w, https:\/\/centre-assal.ch\/wp-content\/uploads\/2025\/06\/Pierre-Alexandre-Vogt-NAK_2398-scaled-e1750663775929-292x300.png 292w, https:\/\/centre-assal.ch\/wp-content\/uploads\/2025\/06\/Pierre-Alexandre-Vogt-NAK_2398-scaled-e1750663775929-12x12.png 12w\" sizes=\"(max-width: 487px) 100vw, 487px\" \/>\t\t\t\t\t\t\t\t\t\t\t\t\t\t\t<\/div>\n\t\t\t\t<\/div>\n\t\t\t\t<\/div>\n\t\t<div class=\"elementor-element elementor-element-bfcbeed e-con-full e-flex e-con e-child\" data-id=\"bfcbeed\" data-element_type=\"container\" data-e-type=\"container\">\n\t\t\t\t<div class=\"elementor-element elementor-element-2edef17 elementor-widget elementor-widget-heading\" data-id=\"2edef17\" data-element_type=\"widget\" data-e-type=\"widget\" data-widget_type=\"heading.default\">\n\t\t\t\t<div class=\"elementor-widget-container\">\n\t\t\t\t\t<h4 class=\"elementor-heading-title elementor-size-default\">Pierre-Alexandre Vogt<\/h4>\t\t\t\t<\/div>\n\t\t\t\t<\/div>\n\t\t\t\t<div class=\"elementor-element elementor-element-b2d3b84 elementor-widget elementor-widget-text-editor\" data-id=\"b2d3b84\" data-element_type=\"widget\" data-e-type=\"widget\" data-widget_type=\"text-editor.default\">\n\t\t\t\t<div class=\"elementor-widget-container\">\n\t\t\t\t\t\t\t\t\t<p>CHARG\u00c9 D&rsquo;ACCUEIL<\/p>\n\t\t\t\t\t\t\t\t<\/div>\n\t\t\t\t<\/div>\n\t\t\t\t<\/div>\n\t\t\t\t<\/div>\n\t\t\t\t<\/div>\n\t\t\t\t<div data-elementor-type=\"loop-item\" data-elementor-id=\"9301\" class=\"elementor elementor-9301 e-loop-item e-loop-item-7244 post-7244 equipe type-equipe status-publish has-post-thumbnail hentry categorie_equipe-lequipe-administrative\" data-elementor-post-type=\"elementor_library\" data-custom-edit-handle=\"1\">\n\t\t\t<div class=\"elementor-element elementor-element-fcc828d e-con-full e-flex e-con e-child\" data-id=\"fcc828d\" data-element_type=\"container\" data-e-type=\"container\">\n\t\t<div class=\"elementor-element elementor-element-2fef4df e-con-full e-flex e-con e-child\" data-id=\"2fef4df\" data-element_type=\"container\" data-e-type=\"container\">\n\t\t\t\t<div class=\"elementor-element elementor-element-2be50fe elementor-widget elementor-widget-image\" data-id=\"2be50fe\" data-element_type=\"widget\" data-e-type=\"widget\" data-widget_type=\"image.default\">\n\t\t\t\t<div class=\"elementor-widget-container\">\n\t\t\t\t\t\t\t\t\t\t\t\t\t\t\t<img loading=\"lazy\" decoding=\"async\" width=\"487\" height=\"500\" src=\"https:\/\/centre-assal.ch\/wp-content\/uploads\/2025\/06\/Photo_Chloe_Hadji.png\" class=\"attachment-full size-full wp-image-16687\" alt=\"\" srcset=\"https:\/\/centre-assal.ch\/wp-content\/uploads\/2025\/06\/Photo_Chloe_Hadji.png 487w, https:\/\/centre-assal.ch\/wp-content\/uploads\/2025\/06\/Photo_Chloe_Hadji-292x300.png 292w, https:\/\/centre-assal.ch\/wp-content\/uploads\/2025\/06\/Photo_Chloe_Hadji-12x12.png 12w\" sizes=\"(max-width: 487px) 100vw, 487px\" \/>\t\t\t\t\t\t\t\t\t\t\t\t\t\t\t<\/div>\n\t\t\t\t<\/div>\n\t\t\t\t<\/div>\n\t\t<div class=\"elementor-element elementor-element-bfcbeed e-con-full e-flex e-con e-child\" data-id=\"bfcbeed\" data-element_type=\"container\" data-e-type=\"container\">\n\t\t\t\t<div class=\"elementor-element elementor-element-2edef17 elementor-widget elementor-widget-heading\" data-id=\"2edef17\" data-element_type=\"widget\" data-e-type=\"widget\" data-widget_type=\"heading.default\">\n\t\t\t\t<div class=\"elementor-widget-container\">\n\t\t\t\t\t<h4 class=\"elementor-heading-title elementor-size-default\">Chlo\u00e9 Hadji<\/h4>\t\t\t\t<\/div>\n\t\t\t\t<\/div>\n\t\t\t\t<div class=\"elementor-element elementor-element-b2d3b84 elementor-widget elementor-widget-text-editor\" data-id=\"b2d3b84\" data-element_type=\"widget\" data-e-type=\"widget\" data-widget_type=\"text-editor.default\">\n\t\t\t\t<div class=\"elementor-widget-container\">\n\t\t\t\t\t\t\t\t\t<p>Responsable marketing, communication et \u00e9v\u00e9nementiel<\/p>\n\t\t\t\t\t\t\t\t<\/div>\n\t\t\t\t<\/div>\n\t\t\t\t<\/div>\n\t\t\t\t<\/div>\n\t\t\t\t<\/div>\n\t\t\t\t<div data-elementor-type=\"loop-item\" data-elementor-id=\"9301\" class=\"elementor elementor-9301 e-loop-item e-loop-item-7245 post-7245 equipe type-equipe status-publish has-post-thumbnail hentry categorie_equipe-lequipe-administrative\" data-elementor-post-type=\"elementor_library\" data-custom-edit-handle=\"1\">\n\t\t\t<div class=\"elementor-element elementor-element-fcc828d e-con-full e-flex e-con e-child\" data-id=\"fcc828d\" data-element_type=\"container\" data-e-type=\"container\">\n\t\t<div class=\"elementor-element elementor-element-2fef4df e-con-full e-flex e-con e-child\" data-id=\"2fef4df\" data-element_type=\"container\" data-e-type=\"container\">\n\t\t\t\t<div class=\"elementor-element elementor-element-2be50fe elementor-widget elementor-widget-image\" data-id=\"2be50fe\" data-element_type=\"widget\" data-e-type=\"widget\" data-widget_type=\"image.default\">\n\t\t\t\t<div class=\"elementor-widget-container\">\n\t\t\t\t\t\t\t\t\t\t\t\t\t\t\t<img loading=\"lazy\" decoding=\"async\" width=\"487\" height=\"500\" src=\"https:\/\/centre-assal.ch\/wp-content\/uploads\/2025\/06\/HEINZER_Thibault-scaled-e1750664017218.png\" class=\"attachment-full size-full wp-image-16707\" alt=\"\" srcset=\"https:\/\/centre-assal.ch\/wp-content\/uploads\/2025\/06\/HEINZER_Thibault-scaled-e1750664017218.png 487w, https:\/\/centre-assal.ch\/wp-content\/uploads\/2025\/06\/HEINZER_Thibault-scaled-e1750664017218-292x300.png 292w, https:\/\/centre-assal.ch\/wp-content\/uploads\/2025\/06\/HEINZER_Thibault-scaled-e1750664017218-12x12.png 12w\" sizes=\"(max-width: 487px) 100vw, 487px\" \/>\t\t\t\t\t\t\t\t\t\t\t\t\t\t\t<\/div>\n\t\t\t\t<\/div>\n\t\t\t\t<\/div>\n\t\t<div class=\"elementor-element elementor-element-bfcbeed e-con-full e-flex e-con e-child\" data-id=\"bfcbeed\" data-element_type=\"container\" data-e-type=\"container\">\n\t\t\t\t<div class=\"elementor-element elementor-element-2edef17 elementor-widget elementor-widget-heading\" data-id=\"2edef17\" data-element_type=\"widget\" data-e-type=\"widget\" data-widget_type=\"heading.default\">\n\t\t\t\t<div class=\"elementor-widget-container\">\n\t\t\t\t\t<h4 class=\"elementor-heading-title elementor-size-default\">Thibault Heinzer<\/h4>\t\t\t\t<\/div>\n\t\t\t\t<\/div>\n\t\t\t\t<div class=\"elementor-element elementor-element-b2d3b84 elementor-widget elementor-widget-text-editor\" data-id=\"b2d3b84\" data-element_type=\"widget\" data-e-type=\"widget\" data-widget_type=\"text-editor.default\">\n\t\t\t\t<div class=\"elementor-widget-container\">\n\t\t\t\t\t\t\t\t\t<p>Directeur financier<\/p>\n\t\t\t\t\t\t\t\t<\/div>\n\t\t\t\t<\/div>\n\t\t\t\t<\/div>\n\t\t\t\t<\/div>\n\t\t\t\t<\/div>\n\t\t\t\t<div data-elementor-type=\"loop-item\" data-elementor-id=\"9301\" class=\"elementor elementor-9301 e-loop-item e-loop-item-9299 post-9299 equipe type-equipe status-publish has-post-thumbnail hentry categorie_equipe-lequipe-administrative\" data-elementor-post-type=\"elementor_library\" data-custom-edit-handle=\"1\">\n\t\t\t<div class=\"elementor-element elementor-element-fcc828d e-con-full e-flex e-con e-child\" data-id=\"fcc828d\" data-element_type=\"container\" data-e-type=\"container\">\n\t\t<div class=\"elementor-element elementor-element-2fef4df e-con-full e-flex e-con e-child\" data-id=\"2fef4df\" data-element_type=\"container\" data-e-type=\"container\">\n\t\t\t\t<div class=\"elementor-element elementor-element-2be50fe elementor-widget elementor-widget-image\" data-id=\"2be50fe\" data-element_type=\"widget\" data-e-type=\"widget\" data-widget_type=\"image.default\">\n\t\t\t\t<div class=\"elementor-widget-container\">\n\t\t\t\t\t\t\t\t\t\t\t\t\t\t\t<img loading=\"lazy\" decoding=\"async\" width=\"487\" height=\"500\" src=\"https:\/\/centre-assal.ch\/wp-content\/uploads\/2025\/06\/Natacha-Viez-e1750663864862.png\" class=\"attachment-full size-full wp-image-16712\" alt=\"\" srcset=\"https:\/\/centre-assal.ch\/wp-content\/uploads\/2025\/06\/Natacha-Viez-e1750663864862.png 487w, https:\/\/centre-assal.ch\/wp-content\/uploads\/2025\/06\/Natacha-Viez-e1750663864862-292x300.png 292w, https:\/\/centre-assal.ch\/wp-content\/uploads\/2025\/06\/Natacha-Viez-e1750663864862-12x12.png 12w\" sizes=\"(max-width: 487px) 100vw, 487px\" \/>\t\t\t\t\t\t\t\t\t\t\t\t\t\t\t<\/div>\n\t\t\t\t<\/div>\n\t\t\t\t<\/div>\n\t\t<div class=\"elementor-element elementor-element-bfcbeed e-con-full e-flex e-con e-child\" data-id=\"bfcbeed\" data-element_type=\"container\" data-e-type=\"container\">\n\t\t\t\t<div class=\"elementor-element elementor-element-2edef17 elementor-widget elementor-widget-heading\" data-id=\"2edef17\" data-element_type=\"widget\" data-e-type=\"widget\" data-widget_type=\"heading.default\">\n\t\t\t\t<div class=\"elementor-widget-container\">\n\t\t\t\t\t<h4 class=\"elementor-heading-title elementor-size-default\">Natacha  Viez<\/h4>\t\t\t\t<\/div>\n\t\t\t\t<\/div>\n\t\t\t\t<div class=\"elementor-element elementor-element-b2d3b84 elementor-widget elementor-widget-text-editor\" data-id=\"b2d3b84\" data-element_type=\"widget\" data-e-type=\"widget\" data-widget_type=\"text-editor.default\">\n\t\t\t\t<div class=\"elementor-widget-container\">\n\t\t\t\t\t\t\t\t\t<p>ASSISTANTE ADMINISTRATIVE<\/p>\n\t\t\t\t\t\t\t\t<\/div>\n\t\t\t\t<\/div>\n\t\t\t\t<\/div>\n\t\t\t\t<\/div>\n\t\t\t\t<\/div>\n\t\t\t\t<div data-elementor-type=\"loop-item\" data-elementor-id=\"9301\" class=\"elementor elementor-9301 e-loop-item e-loop-item-18901 post-18901 equipe type-equipe status-publish has-post-thumbnail hentry categorie_equipe-lequipe-administrative\" data-elementor-post-type=\"elementor_library\" data-custom-edit-handle=\"1\">\n\t\t\t<div class=\"elementor-element elementor-element-fcc828d e-con-full e-flex e-con e-child\" data-id=\"fcc828d\" data-element_type=\"container\" data-e-type=\"container\">\n\t\t<div class=\"elementor-element elementor-element-2fef4df e-con-full e-flex e-con e-child\" data-id=\"2fef4df\" data-element_type=\"container\" data-e-type=\"container\">\n\t\t\t\t<div class=\"elementor-element elementor-element-2be50fe elementor-widget elementor-widget-image\" data-id=\"2be50fe\" data-element_type=\"widget\" data-e-type=\"widget\" data-widget_type=\"image.default\">\n\t\t\t\t<div class=\"elementor-widget-container\">\n\t\t\t\t\t\t\t\t\t\t\t\t\t\t\t<img loading=\"lazy\" decoding=\"async\" width=\"487\" height=\"500\" src=\"https:\/\/centre-assal.ch\/wp-content\/uploads\/2026\/02\/Helene-e1770050739288-1.png\" class=\"attachment-full size-full wp-image-18957\" alt=\"\" srcset=\"https:\/\/centre-assal.ch\/wp-content\/uploads\/2026\/02\/Helene-e1770050739288-1.png 487w, https:\/\/centre-assal.ch\/wp-content\/uploads\/2026\/02\/Helene-e1770050739288-1-292x300.png 292w, https:\/\/centre-assal.ch\/wp-content\/uploads\/2026\/02\/Helene-e1770050739288-1-12x12.png 12w\" sizes=\"(max-width: 487px) 100vw, 487px\" \/>\t\t\t\t\t\t\t\t\t\t\t\t\t\t\t<\/div>\n\t\t\t\t<\/div>\n\t\t\t\t<\/div>\n\t\t<div class=\"elementor-element elementor-element-bfcbeed e-con-full e-flex e-con e-child\" data-id=\"bfcbeed\" data-element_type=\"container\" data-e-type=\"container\">\n\t\t\t\t<div class=\"elementor-element elementor-element-2edef17 elementor-widget elementor-widget-heading\" data-id=\"2edef17\" data-element_type=\"widget\" data-e-type=\"widget\" data-widget_type=\"heading.default\">\n\t\t\t\t<div class=\"elementor-widget-container\">\n\t\t\t\t\t<h4 class=\"elementor-heading-title elementor-size-default\">H\u00e9l\u00e8ne Fr\u00e9sard<\/h4>\t\t\t\t<\/div>\n\t\t\t\t<\/div>\n\t\t\t\t<div class=\"elementor-element elementor-element-b2d3b84 elementor-widget elementor-widget-text-editor\" data-id=\"b2d3b84\" data-element_type=\"widget\" data-e-type=\"widget\" data-widget_type=\"text-editor.default\">\n\t\t\t\t<div class=\"elementor-widget-container\">\n\t\t\t\t\t\t\t\t\t<p>SECR\u00c9TAIRE M\u00c9DICALE<\/p>\n\t\t\t\t\t\t\t\t<\/div>\n\t\t\t\t<\/div>\n\t\t\t\t<\/div>\n\t\t\t\t<\/div>\n\t\t\t\t<\/div>\n\t\t\t\t<\/div>\n\t\t\n\t\t\t\t\t\t<\/div>\n\t\t\t\t<\/div>\n\t\t\t\t\t<\/div>\n\t\t\t\t<\/div>\n\t\t<div class=\"elementor-element elementor-element-3e34bda elementor-hidden-widescreen elementor-hidden-desktop elementor-hidden-tablet elementor-hidden-mobile e-flex e-con-boxed e-con e-parent\" data-id=\"3e34bda\" data-element_type=\"container\" data-e-type=\"container\" id=\"equipe-scientifique\">\n\t\t\t\t\t<div class=\"e-con-inner\">\n\t\t\t\t<div class=\"elementor-element elementor-element-6b1069c elementor-widget elementor-widget-heading\" data-id=\"6b1069c\" data-element_type=\"widget\" data-e-type=\"widget\" data-widget_type=\"heading.default\">\n\t\t\t\t<div class=\"elementor-widget-container\">\n\t\t\t\t\t<h2 class=\"elementor-heading-title elementor-size-default\">L\u2019\u00e9quipe scientifique<\/h2>\t\t\t\t<\/div>\n\t\t\t\t<\/div>\n\t\t\t\t<div class=\"elementor-element elementor-element-ac2d23f elementor-widget-divider--view-line elementor-widget elementor-widget-divider\" data-id=\"ac2d23f\" data-element_type=\"widget\" data-e-type=\"widget\" data-widget_type=\"divider.default\">\n\t\t\t\t<div class=\"elementor-widget-container\">\n\t\t\t\t\t\t\t<div class=\"elementor-divider\">\n\t\t\t<span class=\"elementor-divider-separator\">\n\t\t\t\t\t\t<\/span>\n\t\t<\/div>\n\t\t\t\t\t\t<\/div>\n\t\t\t\t<\/div>\n\t\t\t\t\t<\/div>\n\t\t\t\t<\/div>\n\t\t<div class=\"elementor-element elementor-element-12ffe2d elementor-hidden-widescreen elementor-hidden-desktop elementor-hidden-tablet elementor-hidden-mobile e-flex e-con-boxed e-con e-parent\" data-id=\"12ffe2d\" data-element_type=\"container\" data-e-type=\"container\">\n\t\t\t\t\t<div class=\"e-con-inner\">\n\t\t\t\t<div class=\"elementor-element elementor-element-0faf007 elementor-grid-mobile-2 elementor-grid-3 elementor-grid-tablet-2 elementor-widget elementor-widget-loop-grid\" data-id=\"0faf007\" data-element_type=\"widget\" data-e-type=\"widget\" data-settings=\"{&quot;template_id&quot;:6834,&quot;row_gap&quot;:{&quot;unit&quot;:&quot;px&quot;,&quot;size&quot;:30,&quot;sizes&quot;:[]},&quot;row_gap_widescreen&quot;:{&quot;unit&quot;:&quot;px&quot;,&quot;size&quot;:30,&quot;sizes&quot;:[]},&quot;columns_mobile&quot;:2,&quot;row_gap_mobile&quot;:{&quot;unit&quot;:&quot;px&quot;,&quot;size&quot;:20,&quot;sizes&quot;:[]},&quot;_skin&quot;:&quot;post&quot;,&quot;columns&quot;:&quot;3&quot;,&quot;columns_tablet&quot;:&quot;2&quot;,&quot;edit_handle_selector&quot;:&quot;[data-elementor-type=\\&quot;loop-item\\&quot;]&quot;,&quot;row_gap_tablet&quot;:{&quot;unit&quot;:&quot;px&quot;,&quot;size&quot;:&quot;&quot;,&quot;sizes&quot;:[]}}\" data-widget_type=\"loop-grid.post\">\n\t\t\t\t<div class=\"elementor-widget-container\">\n\t\t\t\t\t\t\t<div class=\"elementor-loop-container elementor-grid\" role=\"list\">\n\t\t\t\t<div data-elementor-type=\"loop-item\" data-elementor-id=\"6834\" class=\"elementor elementor-6834 e-loop-item e-loop-item-7247 post-7247 equipe type-equipe status-publish has-post-thumbnail hentry categorie_equipe-lequipe-scientifique\" data-elementor-post-type=\"elementor_library\" data-custom-edit-handle=\"1\">\n\t\t\t<a class=\"elementor-element elementor-element-fcc828d e-con-full e-flex e-con e-child\" data-id=\"fcc828d\" data-element_type=\"container\" data-e-type=\"container\" href=\"https:\/\/centre-assal.ch\/en\/equipe\/david-chevalier\/\">\n\t\t<div class=\"elementor-element elementor-element-2fef4df e-con-full e-flex e-con e-child\" data-id=\"2fef4df\" data-element_type=\"container\" data-e-type=\"container\">\n\t\t\t\t<div class=\"elementor-element elementor-element-2909323 elementor-widget elementor-widget-theme-post-featured-image elementor-widget-image\" data-id=\"2909323\" data-element_type=\"widget\" data-e-type=\"widget\" data-widget_type=\"theme-post-featured-image.default\">\n\t\t\t\t<div class=\"elementor-widget-container\">\n\t\t\t\t\t\t\t\t\t\t\t\t\t\t\t<img loading=\"lazy\" decoding=\"async\" width=\"487\" height=\"500\" src=\"https:\/\/centre-assal.ch\/wp-content\/uploads\/2025\/04\/63ecb50ad184b.jpg-299x340-1.jpg\" class=\"attachment-full size-full wp-image-6759\" alt=\"\" srcset=\"https:\/\/centre-assal.ch\/wp-content\/uploads\/2025\/04\/63ecb50ad184b.jpg-299x340-1.jpg 487w, https:\/\/centre-assal.ch\/wp-content\/uploads\/2025\/04\/63ecb50ad184b.jpg-299x340-1-292x300.jpg 292w\" sizes=\"(max-width: 487px) 100vw, 487px\" \/>\t\t\t\t\t\t\t\t\t\t\t\t\t\t\t<\/div>\n\t\t\t\t<\/div>\n\t\t\t\t<\/div>\n\t\t<div class=\"elementor-element elementor-element-bfcbeed e-con-full e-flex e-con e-child\" data-id=\"bfcbeed\" data-element_type=\"container\" data-e-type=\"container\">\n\t\t\t\t<div class=\"elementor-element elementor-element-2edef17 elementor-widget elementor-widget-heading\" data-id=\"2edef17\" data-element_type=\"widget\" data-e-type=\"widget\" data-widget_type=\"heading.default\">\n\t\t\t\t<div class=\"elementor-widget-container\">\n\t\t\t\t\t<h4 class=\"elementor-heading-title elementor-size-default\">David Chevalier<\/h4>\t\t\t\t<\/div>\n\t\t\t\t<\/div>\n\t\t\t\t<div class=\"elementor-element elementor-element-b2d3b84 elementor-widget elementor-widget-text-editor\" data-id=\"b2d3b84\" data-element_type=\"widget\" data-e-type=\"widget\" data-widget_type=\"text-editor.default\">\n\t\t\t\t<div class=\"elementor-widget-container\">\n\t\t\t\t\t\t\t\t\t<p>CHEF DE RECHERCHE, SPECIALISTE EN INNOVATION TECHNOLOGIQUE<\/p>\n\t\t\t\t\t\t\t\t<\/div>\n\t\t\t\t<\/div>\n\t\t\t\t<\/div>\n\t\t\t\t<\/a>\n\t\t\t\t<\/div>\n\t\t\t\t<div data-elementor-type=\"loop-item\" data-elementor-id=\"6834\" class=\"elementor elementor-6834 e-loop-item e-loop-item-7248 post-7248 equipe type-equipe status-publish has-post-thumbnail hentry categorie_equipe-lequipe-scientifique\" data-elementor-post-type=\"elementor_library\" data-custom-edit-handle=\"1\">\n\t\t\t<a class=\"elementor-element elementor-element-fcc828d e-con-full e-flex e-con e-child\" data-id=\"fcc828d\" data-element_type=\"container\" data-e-type=\"container\" href=\"https:\/\/centre-assal.ch\/en\/equipe\/sophie-leroux\/\">\n\t\t<div class=\"elementor-element elementor-element-2fef4df e-con-full e-flex e-con e-child\" data-id=\"2fef4df\" data-element_type=\"container\" data-e-type=\"container\">\n\t\t\t\t<div class=\"elementor-element elementor-element-2909323 elementor-widget elementor-widget-theme-post-featured-image elementor-widget-image\" data-id=\"2909323\" data-element_type=\"widget\" data-e-type=\"widget\" data-widget_type=\"theme-post-featured-image.default\">\n\t\t\t\t<div class=\"elementor-widget-container\">\n\t\t\t\t\t\t\t\t\t\t\t\t\t\t\t<img loading=\"lazy\" decoding=\"async\" width=\"487\" height=\"500\" src=\"https:\/\/centre-assal.ch\/wp-content\/uploads\/2025\/04\/63ecb69a89078.jpg-299x340-1.jpg\" class=\"attachment-full size-full wp-image-6760\" alt=\"\" srcset=\"https:\/\/centre-assal.ch\/wp-content\/uploads\/2025\/04\/63ecb69a89078.jpg-299x340-1.jpg 487w, https:\/\/centre-assal.ch\/wp-content\/uploads\/2025\/04\/63ecb69a89078.jpg-299x340-1-292x300.jpg 292w\" sizes=\"(max-width: 487px) 100vw, 487px\" \/>\t\t\t\t\t\t\t\t\t\t\t\t\t\t\t<\/div>\n\t\t\t\t<\/div>\n\t\t\t\t<\/div>\n\t\t<div class=\"elementor-element elementor-element-bfcbeed e-con-full e-flex e-con e-child\" data-id=\"bfcbeed\" data-element_type=\"container\" data-e-type=\"container\">\n\t\t\t\t<div class=\"elementor-element elementor-element-2edef17 elementor-widget elementor-widget-heading\" data-id=\"2edef17\" data-element_type=\"widget\" data-e-type=\"widget\" data-widget_type=\"heading.default\">\n\t\t\t\t<div class=\"elementor-widget-container\">\n\t\t\t\t\t<h4 class=\"elementor-heading-title elementor-size-default\">Sophie Leroux<\/h4>\t\t\t\t<\/div>\n\t\t\t\t<\/div>\n\t\t\t\t<div class=\"elementor-element elementor-element-b2d3b84 elementor-widget elementor-widget-text-editor\" data-id=\"b2d3b84\" data-element_type=\"widget\" data-e-type=\"widget\" data-widget_type=\"text-editor.default\">\n\t\t\t\t<div class=\"elementor-widget-container\">\n\t\t\t\t\t\t\t\t\t<p>DIRECTRICE DE LA RECHERCHE CLINIQUE, EXPERTE EN G\u00c9NOMIQUE<\/p>\n\t\t\t\t\t\t\t\t<\/div>\n\t\t\t\t<\/div>\n\t\t\t\t<\/div>\n\t\t\t\t<\/a>\n\t\t\t\t<\/div>\n\t\t\t\t<div data-elementor-type=\"loop-item\" data-elementor-id=\"6834\" class=\"elementor elementor-6834 e-loop-item e-loop-item-7250 post-7250 equipe type-equipe status-publish has-post-thumbnail hentry categorie_equipe-lequipe-scientifique\" data-elementor-post-type=\"elementor_library\" data-custom-edit-handle=\"1\">\n\t\t\t<a class=\"elementor-element elementor-element-fcc828d e-con-full e-flex e-con e-child\" data-id=\"fcc828d\" data-element_type=\"container\" data-e-type=\"container\" href=\"https:\/\/centre-assal.ch\/en\/equipe\/lucas-moreau\/\">\n\t\t<div class=\"elementor-element elementor-element-2fef4df e-con-full e-flex e-con e-child\" data-id=\"2fef4df\" data-element_type=\"container\" data-e-type=\"container\">\n\t\t\t\t<div class=\"elementor-element elementor-element-2909323 elementor-widget elementor-widget-theme-post-featured-image elementor-widget-image\" data-id=\"2909323\" data-element_type=\"widget\" data-e-type=\"widget\" data-widget_type=\"theme-post-featured-image.default\">\n\t\t\t\t<div class=\"elementor-widget-container\">\n\t\t\t\t\t\t\t\t\t\t\t\t\t\t\t<img loading=\"lazy\" decoding=\"async\" width=\"487\" height=\"500\" src=\"https:\/\/centre-assal.ch\/wp-content\/uploads\/2025\/04\/641972969d193.jpg-300x339-1.jpg\" class=\"attachment-full size-full wp-image-6761\" alt=\"\" srcset=\"https:\/\/centre-assal.ch\/wp-content\/uploads\/2025\/04\/641972969d193.jpg-300x339-1.jpg 487w, https:\/\/centre-assal.ch\/wp-content\/uploads\/2025\/04\/641972969d193.jpg-300x339-1-292x300.jpg 292w\" sizes=\"(max-width: 487px) 100vw, 487px\" \/>\t\t\t\t\t\t\t\t\t\t\t\t\t\t\t<\/div>\n\t\t\t\t<\/div>\n\t\t\t\t<\/div>\n\t\t<div class=\"elementor-element elementor-element-bfcbeed e-con-full e-flex e-con e-child\" data-id=\"bfcbeed\" data-element_type=\"container\" data-e-type=\"container\">\n\t\t\t\t<div class=\"elementor-element elementor-element-2edef17 elementor-widget elementor-widget-heading\" data-id=\"2edef17\" data-element_type=\"widget\" data-e-type=\"widget\" data-widget_type=\"heading.default\">\n\t\t\t\t<div class=\"elementor-widget-container\">\n\t\t\t\t\t<h4 class=\"elementor-heading-title elementor-size-default\">Lucas Moreau<\/h4>\t\t\t\t<\/div>\n\t\t\t\t<\/div>\n\t\t\t\t<div class=\"elementor-element elementor-element-b2d3b84 elementor-widget elementor-widget-text-editor\" data-id=\"b2d3b84\" data-element_type=\"widget\" data-e-type=\"widget\" data-widget_type=\"text-editor.default\">\n\t\t\t\t<div class=\"elementor-widget-container\">\n\t\t\t\t\t\t\t\t\t<p>RESPONSABLE DES ESSAIS CLINIQUES, SP\u00c9CIALISTE EN PHARMACOVIGILANCE<\/p>\n\t\t\t\t\t\t\t\t<\/div>\n\t\t\t\t<\/div>\n\t\t\t\t<\/div>\n\t\t\t\t<\/a>\n\t\t\t\t<\/div>\n\t\t\t\t<\/div>\n\t\t\n\t\t\t\t\t\t<\/div>\n\t\t\t\t<\/div>\n\t\t\t\t\t<\/div>\n\t\t\t\t<\/div>\n\t\t<div class=\"elementor-element elementor-element-603bb6dc e-flex e-con-boxed e-con e-parent\" data-id=\"603bb6dc\" data-element_type=\"container\" data-e-type=\"container\">\n\t\t\t\t\t<div class=\"e-con-inner\">\n\t\t\t\t<div class=\"elementor-element elementor-element-260ad718 elementor-widget elementor-widget-spacer\" data-id=\"260ad718\" data-element_type=\"widget\" data-e-type=\"widget\" data-widget_type=\"spacer.default\">\n\t\t\t\t<div class=\"elementor-widget-container\">\n\t\t\t\t\t\t\t<div class=\"elementor-spacer\">\n\t\t\t<div class=\"elementor-spacer-inner\"><\/div>\n\t\t<\/div>\n\t\t\t\t\t\t<\/div>\n\t\t\t\t<\/div>\n\t\t\t\t\t<\/div>\n\t\t\t\t<\/div>\n\t\t\t\t<\/div>\n\t\t","protected":false},"excerpt":{"rendered":"<p>L\u2019\u00e9quipe Accueil \u00c9quipe Men\u00e9e par le PD Dr Mathieu Assal, le Dr Victor Dubois-Ferri\u00e8re et le Dr Lisca Drittenbass, l&rsquo;\u00e9quipe multidisciplinaire du Centre ASSAL est compos\u00e9e de m\u00e9decins, chirurgiens, chercheurs, podologues et infirmiers sp\u00e9cialis\u00e9s. Le Centre ASSAL r\u00e9unit en son sein toutes les comp\u00e9tences n\u00e9cessaires au traitement des diverses pathologies du pied, de la cheville [&hellip;]<\/p>\n","protected":false},"author":18,"featured_media":0,"parent":0,"menu_order":0,"comment_status":"closed","ping_status":"closed","template":"elementor_header_footer","meta":{"_acf_changed":false,"footnotes":""},"class_list":["post-4815","page","type-page","status-publish","hentry"],"acf":[],"yoast_head":"<!-- This site is optimized with the Yoast SEO plugin v27.5 - https:\/\/yoast.com\/product\/yoast-seo-wordpress\/ -->\n<title>Equipes - Centre Assal<\/title>\n<meta name=\"description\" content=\"D\u00e9couvrez l\u2019\u00e9quipe du Centre Assal, compos\u00e9e de chirurgiens et sp\u00e9cialistes d\u00e9di\u00e9s \u00e0 la sant\u00e9 du pied, de la cheville et de la jambe.\" \/>\n<meta name=\"robots\" content=\"index, follow, max-snippet:-1, max-image-preview:large, max-video-preview:-1\" \/>\n<link rel=\"canonical\" href=\"https:\/\/centre-assal.ch\/en\/equipes\/\" \/>\n<meta property=\"og:locale\" content=\"en_GB\" \/>\n<meta property=\"og:type\" content=\"article\" \/>\n<meta property=\"og:title\" content=\"Equipes - Centre Assal\" \/>\n<meta property=\"og:description\" content=\"D\u00e9couvrez l\u2019\u00e9quipe du Centre Assal, compos\u00e9e de chirurgiens et sp\u00e9cialistes d\u00e9di\u00e9s \u00e0 la sant\u00e9 du pied, de la cheville et de la jambe.\" \/>\n<meta property=\"og:url\" content=\"https:\/\/centre-assal.ch\/en\/equipes\/\" \/>\n<meta property=\"og:site_name\" content=\"Centre Assal\" \/>\n<meta property=\"article:modified_time\" content=\"2025-10-04T22:51:35+00:00\" \/>\n<meta property=\"og:image\" content=\"https:\/\/centre-assal.ch\/wp-content\/uploads\/2025\/03\/Vector-1.png\" \/>\n<meta name=\"twitter:card\" content=\"summary_large_image\" \/>\n<meta name=\"twitter:label1\" content=\"Estimated reading time\" \/>\n\t<meta name=\"twitter:data1\" content=\"1 minute\" \/>\n<script type=\"application\/ld+json\" class=\"yoast-schema-graph\">{\"@context\":\"https:\\\/\\\/schema.org\",\"@graph\":[{\"@type\":\"WebPage\",\"@id\":\"https:\\\/\\\/centre-assal.ch\\\/equipes\\\/\",\"url\":\"https:\\\/\\\/centre-assal.ch\\\/equipes\\\/\",\"name\":\"Equipes - Centre Assal\",\"isPartOf\":{\"@id\":\"https:\\\/\\\/centre-assal.ch\\\/#website\"},\"primaryImageOfPage\":{\"@id\":\"https:\\\/\\\/centre-assal.ch\\\/equipes\\\/#primaryimage\"},\"image\":{\"@id\":\"https:\\\/\\\/centre-assal.ch\\\/equipes\\\/#primaryimage\"},\"thumbnailUrl\":\"https:\\\/\\\/centre-assal.ch\\\/wp-content\\\/uploads\\\/2025\\\/03\\\/Vector-1.png\",\"datePublished\":\"2025-03-21T07:59:18+00:00\",\"dateModified\":\"2025-10-04T22:51:35+00:00\",\"description\":\"D\u00e9couvrez l\u2019\u00e9quipe du Centre Assal, compos\u00e9e de chirurgiens et sp\u00e9cialistes d\u00e9di\u00e9s \u00e0 la sant\u00e9 du pied, de la cheville et de la jambe.\",\"breadcrumb\":{\"@id\":\"https:\\\/\\\/centre-assal.ch\\\/equipes\\\/#breadcrumb\"},\"inLanguage\":\"en-GB\",\"potentialAction\":[{\"@type\":\"ReadAction\",\"target\":[\"https:\\\/\\\/centre-assal.ch\\\/equipes\\\/\"]}]},{\"@type\":\"ImageObject\",\"inLanguage\":\"en-GB\",\"@id\":\"https:\\\/\\\/centre-assal.ch\\\/equipes\\\/#primaryimage\",\"url\":\"https:\\\/\\\/centre-assal.ch\\\/wp-content\\\/uploads\\\/2025\\\/03\\\/Vector-1.png\",\"contentUrl\":\"https:\\\/\\\/centre-assal.ch\\\/wp-content\\\/uploads\\\/2025\\\/03\\\/Vector-1.png\"},{\"@type\":\"BreadcrumbList\",\"@id\":\"https:\\\/\\\/centre-assal.ch\\\/equipes\\\/#breadcrumb\",\"itemListElement\":[{\"@type\":\"ListItem\",\"position\":1,\"name\":\"Home\",\"item\":\"https:\\\/\\\/centre-assal.ch\\\/\"},{\"@type\":\"ListItem\",\"position\":2,\"name\":\"Equipes\"}]},{\"@type\":\"WebSite\",\"@id\":\"https:\\\/\\\/centre-assal.ch\\\/#website\",\"url\":\"https:\\\/\\\/centre-assal.ch\\\/\",\"name\":\"Centre Assal\",\"description\":\"\",\"publisher\":{\"@id\":\"https:\\\/\\\/centre-assal.ch\\\/#organization\"},\"potentialAction\":[{\"@type\":\"SearchAction\",\"target\":{\"@type\":\"EntryPoint\",\"urlTemplate\":\"https:\\\/\\\/centre-assal.ch\\\/?s={search_term_string}\"},\"query-input\":{\"@type\":\"PropertyValueSpecification\",\"valueRequired\":true,\"valueName\":\"search_term_string\"}}],\"inLanguage\":\"en-GB\"},{\"@type\":\"Organization\",\"@id\":\"https:\\\/\\\/centre-assal.ch\\\/#organization\",\"name\":\"Centre Assal\",\"url\":\"https:\\\/\\\/centre-assal.ch\\\/\",\"logo\":{\"@type\":\"ImageObject\",\"inLanguage\":\"en-GB\",\"@id\":\"https:\\\/\\\/centre-assal.ch\\\/#\\\/schema\\\/logo\\\/image\\\/\",\"url\":\"https:\\\/\\\/centre-assal.ch\\\/wp-content\\\/uploads\\\/2025\\\/03\\\/Logo_CentreAssal_RVB-11.png\",\"contentUrl\":\"https:\\\/\\\/centre-assal.ch\\\/wp-content\\\/uploads\\\/2025\\\/03\\\/Logo_CentreAssal_RVB-11.png\",\"width\":220,\"height\":114,\"caption\":\"Centre Assal\"},\"image\":{\"@id\":\"https:\\\/\\\/centre-assal.ch\\\/#\\\/schema\\\/logo\\\/image\\\/\"},\"sameAs\":[\"https:\\\/\\\/www.instagram.com\\\/centre_assal\\\/\",\"https:\\\/\\\/www.linkedin.com\\\/company\\\/centre-assal\"]}]}<\/script>\n<!-- \/ Yoast SEO plugin. -->","yoast_head_json":{"title":"Equipes - Centre Assal","description":"D\u00e9couvrez l\u2019\u00e9quipe du Centre Assal, compos\u00e9e de chirurgiens et sp\u00e9cialistes d\u00e9di\u00e9s \u00e0 la sant\u00e9 du pied, de la cheville et de la jambe.","robots":{"index":"index","follow":"follow","max-snippet":"max-snippet:-1","max-image-preview":"max-image-preview:large","max-video-preview":"max-video-preview:-1"},"canonical":"https:\/\/centre-assal.ch\/en\/equipes\/","og_locale":"en_GB","og_type":"article","og_title":"Equipes - Centre Assal","og_description":"D\u00e9couvrez l\u2019\u00e9quipe du Centre Assal, compos\u00e9e de chirurgiens et sp\u00e9cialistes d\u00e9di\u00e9s \u00e0 la sant\u00e9 du pied, de la cheville et de la jambe.","og_url":"https:\/\/centre-assal.ch\/en\/equipes\/","og_site_name":"Centre Assal","article_modified_time":"2025-10-04T22:51:35+00:00","og_image":[{"url":"https:\/\/centre-assal.ch\/wp-content\/uploads\/2025\/03\/Vector-1.png","type":"","width":"","height":""}],"twitter_card":"summary_large_image","twitter_misc":{"Estimated reading time":"1 minute"},"schema":{"@context":"https:\/\/schema.org","@graph":[{"@type":"WebPage","@id":"https:\/\/centre-assal.ch\/equipes\/","url":"https:\/\/centre-assal.ch\/equipes\/","name":"Equipes - Centre Assal","isPartOf":{"@id":"https:\/\/centre-assal.ch\/#website"},"primaryImageOfPage":{"@id":"https:\/\/centre-assal.ch\/equipes\/#primaryimage"},"image":{"@id":"https:\/\/centre-assal.ch\/equipes\/#primaryimage"},"thumbnailUrl":"https:\/\/centre-assal.ch\/wp-content\/uploads\/2025\/03\/Vector-1.png","datePublished":"2025-03-21T07:59:18+00:00","dateModified":"2025-10-04T22:51:35+00:00","description":"D\u00e9couvrez l\u2019\u00e9quipe du Centre Assal, compos\u00e9e de chirurgiens et sp\u00e9cialistes d\u00e9di\u00e9s \u00e0 la sant\u00e9 du pied, de la cheville et de la jambe.","breadcrumb":{"@id":"https:\/\/centre-assal.ch\/equipes\/#breadcrumb"},"inLanguage":"en-GB","potentialAction":[{"@type":"ReadAction","target":["https:\/\/centre-assal.ch\/equipes\/"]}]},{"@type":"ImageObject","inLanguage":"en-GB","@id":"https:\/\/centre-assal.ch\/equipes\/#primaryimage","url":"https:\/\/centre-assal.ch\/wp-content\/uploads\/2025\/03\/Vector-1.png","contentUrl":"https:\/\/centre-assal.ch\/wp-content\/uploads\/2025\/03\/Vector-1.png"},{"@type":"BreadcrumbList","@id":"https:\/\/centre-assal.ch\/equipes\/#breadcrumb","itemListElement":[{"@type":"ListItem","position":1,"name":"Home","item":"https:\/\/centre-assal.ch\/"},{"@type":"ListItem","position":2,"name":"Equipes"}]},{"@type":"WebSite","@id":"https:\/\/centre-assal.ch\/#website","url":"https:\/\/centre-assal.ch\/","name":"Centre Assal","description":"","publisher":{"@id":"https:\/\/centre-assal.ch\/#organization"},"potentialAction":[{"@type":"SearchAction","target":{"@type":"EntryPoint","urlTemplate":"https:\/\/centre-assal.ch\/?s={search_term_string}"},"query-input":{"@type":"PropertyValueSpecification","valueRequired":true,"valueName":"search_term_string"}}],"inLanguage":"en-GB"},{"@type":"Organization","@id":"https:\/\/centre-assal.ch\/#organization","name":"Centre Assal","url":"https:\/\/centre-assal.ch\/","logo":{"@type":"ImageObject","inLanguage":"en-GB","@id":"https:\/\/centre-assal.ch\/#\/schema\/logo\/image\/","url":"https:\/\/centre-assal.ch\/wp-content\/uploads\/2025\/03\/Logo_CentreAssal_RVB-11.png","contentUrl":"https:\/\/centre-assal.ch\/wp-content\/uploads\/2025\/03\/Logo_CentreAssal_RVB-11.png","width":220,"height":114,"caption":"Centre Assal"},"image":{"@id":"https:\/\/centre-assal.ch\/#\/schema\/logo\/image\/"},"sameAs":["https:\/\/www.instagram.com\/centre_assal\/","https:\/\/www.linkedin.com\/company\/centre-assal"]}]}},"_links":{"self":[{"href":"https:\/\/centre-assal.ch\/en\/wp-json\/wp\/v2\/pages\/4815","targetHints":{"allow":["GET"]}}],"collection":[{"href":"https:\/\/centre-assal.ch\/en\/wp-json\/wp\/v2\/pages"}],"about":[{"href":"https:\/\/centre-assal.ch\/en\/wp-json\/wp\/v2\/types\/page"}],"author":[{"embeddable":true,"href":"https:\/\/centre-assal.ch\/en\/wp-json\/wp\/v2\/users\/18"}],"replies":[{"embeddable":true,"href":"https:\/\/centre-assal.ch\/en\/wp-json\/wp\/v2\/comments?post=4815"}],"version-history":[{"count":37,"href":"https:\/\/centre-assal.ch\/en\/wp-json\/wp\/v2\/pages\/4815\/revisions"}],"predecessor-version":[{"id":17627,"href":"https:\/\/centre-assal.ch\/en\/wp-json\/wp\/v2\/pages\/4815\/revisions\/17627"}],"wp:attachment":[{"href":"https:\/\/centre-assal.ch\/en\/wp-json\/wp\/v2\/media?parent=4815"}],"curies":[{"name":"wp","href":"https:\/\/api.w.org\/{rel}","templated":true}]}}